{"id":2768,"date":"2026-01-06T16:05:27","date_gmt":"2026-01-06T15:05:27","guid":{"rendered":"https:\/\/sapernelle.com\/?post_type=product&#038;p=2768"},"modified":"2026-03-10T13:50:38","modified_gmt":"2026-03-10T12:50:38","slug":"n34-savon-barbe-miel","status":"publish","type":"product","link":"https:\/\/sapernelle.com\/index.php\/produit\/n34-savon-barbe-miel\/","title":{"rendered":"n\u00b034 Savon barbe miel"},"content":{"rendered":"<p>[et_pb_section fb_built=\u00a0\u00bb1&Prime; _builder_version=\u00a0\u00bb4.16&Prime; custom_padding=\u00a0\u00bb0px||||false|false\u00a0\u00bb global_colors_info=\u00a0\u00bb{}\u00a0\u00bb][et_pb_row _builder_version=\u00a0\u00bb4.16&Prime; background_size=\u00a0\u00bbinitial\u00a0\u00bb background_position=\u00a0\u00bbtop_left\u00a0\u00bb background_repeat=\u00a0\u00bbrepeat\u00a0\u00bb width=\u00a0\u00bb100%\u00a0\u00bb custom_padding=\u00a0\u00bb0px||0px||false|false\u00a0\u00bb global_colors_info=\u00a0\u00bb{}\u00a0\u00bb][et_pb_column type=\u00a0\u00bb4_4&Prime; _builder_version=\u00a0\u00bb4.16&Prime; custom_padding=\u00a0\u00bb|||\u00a0\u00bb global_colors_info=\u00a0\u00bb{}\u00a0\u00bb custom_padding__hover=\u00a0\u00bb|||\u00a0\u00bb][et_pb_wc_cart_notice _builder_version=\u00a0\u00bb4.16&Prime; global_colors_info=\u00a0\u00bb{}\u00a0\u00bb][\/et_pb_wc_cart_notice][\/et_pb_column][\/et_pb_row][et_pb_row column_structure=\u00a0\u00bb1_2,1_2&Prime; _builder_version=\u00a0\u00bb4.16&Prime; background_size=\u00a0\u00bbinitial\u00a0\u00bb background_position=\u00a0\u00bbtop_left\u00a0\u00bb background_repeat=\u00a0\u00bbrepeat\u00a0\u00bb width=\u00a0\u00bb100%\u00a0\u00bb custom_padding=\u00a0\u00bb0px||||false|false\u00a0\u00bb global_colors_info=\u00a0\u00bb{}\u00a0\u00bb][et_pb_column type=\u00a0\u00bb1_2&Prime; _builder_version=\u00a0\u00bb4.16&Prime; custom_padding=\u00a0\u00bb|||\u00a0\u00bb global_colors_info=\u00a0\u00bb{}\u00a0\u00bb custom_padding__hover=\u00a0\u00bb|||\u00a0\u00bb][et_pb_wc_images _builder_version=\u00a0\u00bb4.16&Prime; global_colors_info=\u00a0\u00bb{}\u00a0\u00bb][\/et_pb_wc_images][\/et_pb_column][et_pb_column type=\u00a0\u00bb1_2&Prime; _builder_version=\u00a0\u00bb4.16&Prime; custom_padding=\u00a0\u00bb|||\u00a0\u00bb global_colors_info=\u00a0\u00bb{}\u00a0\u00bb custom_padding__hover=\u00a0\u00bb|||\u00a0\u00bb][et_pb_wc_title _builder_version=\u00a0\u00bb4.16&Prime; global_colors_info=\u00a0\u00bb{}\u00a0\u00bb][\/et_pb_wc_title][et_pb_wc_price _builder_version=\u00a0\u00bb4.16&Prime; global_colors_info=\u00a0\u00bb{}\u00a0\u00bb][\/et_pb_wc_price][et_pb_wc_description _builder_version=\u00a0\u00bb4.16&Prime; global_colors_info=\u00a0\u00bb{}\u00a0\u00bb][\/et_pb_wc_description][et_pb_wc_add_to_cart _builder_version=\u00a0\u00bb4.16&Prime; global_colors_info=\u00a0\u00bb{}\u00a0\u00bb][\/et_pb_wc_add_to_cart][\/et_pb_column][\/et_pb_row][et_pb_row _builder_version=\u00a0\u00bb4.16&Prime; background_size=\u00a0\u00bbinitial\u00a0\u00bb background_position=\u00a0\u00bbtop_left\u00a0\u00bb background_repeat=\u00a0\u00bbrepeat\u00a0\u00bb width=\u00a0\u00bb100%\u00a0\u00bb custom_margin=\u00a0\u00bb30px||||false|false\u00a0\u00bb global_colors_info=\u00a0\u00bb{}\u00a0\u00bb][et_pb_column type=\u00a0\u00bb4_4&Prime; _builder_version=\u00a0\u00bb4.16&Prime; custom_padding=\u00a0\u00bb|||\u00a0\u00bb global_colors_info=\u00a0\u00bb{}\u00a0\u00bb custom_padding__hover=\u00a0\u00bb|||\u00a0\u00bb][et_pb_wc_tabs admin_label=\u00a0\u00bbWoo Tabs\u00a0\u00bb _builder_version=\u00a0\u00bb4.16&Prime; global_colors_info=\u00a0\u00bb{}\u00a0\u00bb] [\/et_pb_wc_tabs][et_pb_wc_upsells columns_number=\u00a0\u00bb1&Prime; admin_label=\u00a0\u00bbWoo Upsell\u00a0\u00bb _builder_version=\u00a0\u00bb4.16&Prime; title_font_size=\u00a0\u00bb10px\u00a0\u00bb global_colors_info=\u00a0\u00bb{}\u00a0\u00bb][\/et_pb_wc_upsells][et_pb_wc_related_products admin_label=\u00a0\u00bbWoo Produits connexes\u00a0\u00bb _builder_version=\u00a0\u00bb4.16&Prime; global_colors_info=\u00a0\u00bb{}\u00a0\u00bb][\/et_pb_wc_related_products][\/et_pb_column][\/et_pb_row][\/et_pb_section]<\/p>\n","protected":false},"excerpt":{"rendered":"<p>Ce savon de barbe d\u00e9veloppe une mousse riche et cr\u00e9meuse qui prot\u00e8ge la peau durant le rasage. Le <strong data-start=\"353\" data-end=\"420\">miel, reconnu pour ses propri\u00e9t\u00e9s nourrissantes et r\u00e9paratrices<\/strong>, aide \u00e0 pr\u00e9server l\u2019hydratation de l\u2019\u00e9piderme et \u00e0 favoriser la r\u00e9paration des micro-agressions li\u00e9es \u00e0 la lame. Associ\u00e9 \u00e0 la fra\u00eecheur apaisante de la verveine, il laisse le visage doux, confortable et souple apr\u00e8s chaque rasage.<\/p>\n","protected":false},"featured_media":2769,"template":"","meta":{"_et_pb_use_builder":"on","_et_pb_old_content":"<p class=\"cvGsUA direction-ltr align-center para-style-body\"><span class=\"a_GcMg font-feature-liga-off font-feature-clig-off font-feature-calt-off text-decoration-none text-strikethrough-none\">Ingr\u00e9dients : Sodium Sunflowerseedate, Sodium Cocoate, Sodium Olivate, Aqua, Glycerin, Parfum, Heliantus Annuus Hybrid Oil, Cocos Nucifera Oil, Olea Europaea Fruit Oil, CI 77491, CI 77492, Anise Alcohol, Benzyl Benzoate, Coumarin, Citronellol, Limonene, Eugenol, Hydroxycitronellal, Linalool.<\/span><\/p>","_et_gb_content_width":"","_eb_attr":""},"product_brand":[],"product_cat":[61,97],"product_tag":[34],"class_list":{"0":"post-2768","1":"product","2":"type-product","3":"status-publish","4":"has-post-thumbnail","6":"product_cat-cosmetique","7":"product_cat-les-cosmetiques","8":"product_tag-savon-bicolore","10":"first","11":"instock","12":"shipping-taxable","13":"purchasable","14":"product-type-simple"},"yoast_head":"<!-- This site is optimized with the Yoast SEO plugin v27.4 - https:\/\/yoast.com\/product\/yoast-seo-wordpress\/ -->\n<title>n\u00b034 Savon barbe miel - Sapernelle<\/title>\n<meta name=\"robots\" content=\"index, follow, max-snippet:-1, max-image-preview:large, max-video-preview:-1\" \/>\n<link rel=\"canonical\" href=\"https:\/\/sapernelle.com\/index.php\/produit\/n34-savon-barbe-miel\/\" \/>\n<meta property=\"og:locale\" content=\"fr_FR\" \/>\n<meta property=\"og:type\" content=\"article\" \/>\n<meta property=\"og:title\" content=\"n\u00b034 Savon barbe miel - Sapernelle\" \/>\n<meta property=\"og:description\" content=\"Ce savon de barbe d\u00e9veloppe une mousse riche et cr\u00e9meuse qui prot\u00e8ge la peau durant le rasage. Le miel, reconnu pour ses propri\u00e9t\u00e9s nourrissantes et r\u00e9paratrices, aide \u00e0 pr\u00e9server l\u2019hydratation de l\u2019\u00e9piderme et \u00e0 favoriser la r\u00e9paration des micro-agressions li\u00e9es \u00e0 la lame. Associ\u00e9 \u00e0 la fra\u00eecheur apaisante de la verveine, il laisse le visage doux, confortable et souple apr\u00e8s chaque rasage.\" \/>\n<meta property=\"og:url\" content=\"https:\/\/sapernelle.com\/index.php\/produit\/n34-savon-barbe-miel\/\" \/>\n<meta property=\"og:site_name\" content=\"Sapernelle\" \/>\n<meta property=\"article:modified_time\" content=\"2026-03-10T12:50:38+00:00\" \/>\n<meta property=\"og:image\" content=\"https:\/\/sapernelle.com\/wp-content\/uploads\/2026\/01\/savon-barbe-miel.webp\" \/>\n\t<meta property=\"og:image:width\" content=\"1434\" \/>\n\t<meta property=\"og:image:height\" content=\"1434\" \/>\n\t<meta property=\"og:image:type\" content=\"image\/webp\" \/>\n<meta name=\"twitter:card\" content=\"summary_large_image\" \/>\n<meta name=\"twitter:label1\" content=\"Dur\u00e9e de lecture estim\u00e9e\" \/>\n\t<meta name=\"twitter:data1\" content=\"1 minute\" \/>\n<script type=\"application\/ld+json\" class=\"yoast-schema-graph\">{\"@context\":\"https:\\\/\\\/schema.org\",\"@graph\":[{\"@type\":\"WebPage\",\"@id\":\"https:\\\/\\\/sapernelle.com\\\/index.php\\\/produit\\\/n34-savon-barbe-miel\\\/\",\"url\":\"https:\\\/\\\/sapernelle.com\\\/index.php\\\/produit\\\/n34-savon-barbe-miel\\\/\",\"name\":\"n\u00b034 Savon barbe miel - Sapernelle\",\"isPartOf\":{\"@id\":\"https:\\\/\\\/sapernelle.com\\\/#website\"},\"primaryImageOfPage\":{\"@id\":\"https:\\\/\\\/sapernelle.com\\\/index.php\\\/produit\\\/n34-savon-barbe-miel\\\/#primaryimage\"},\"image\":{\"@id\":\"https:\\\/\\\/sapernelle.com\\\/index.php\\\/produit\\\/n34-savon-barbe-miel\\\/#primaryimage\"},\"thumbnailUrl\":\"https:\\\/\\\/sapernelle.com\\\/wp-content\\\/uploads\\\/2026\\\/01\\\/savon-barbe-miel.webp\",\"datePublished\":\"2026-01-06T15:05:27+00:00\",\"dateModified\":\"2026-03-10T12:50:38+00:00\",\"breadcrumb\":{\"@id\":\"https:\\\/\\\/sapernelle.com\\\/index.php\\\/produit\\\/n34-savon-barbe-miel\\\/#breadcrumb\"},\"inLanguage\":\"fr-FR\",\"potentialAction\":[{\"@type\":\"ReadAction\",\"target\":[\"https:\\\/\\\/sapernelle.com\\\/index.php\\\/produit\\\/n34-savon-barbe-miel\\\/\"]}]},{\"@type\":\"ImageObject\",\"inLanguage\":\"fr-FR\",\"@id\":\"https:\\\/\\\/sapernelle.com\\\/index.php\\\/produit\\\/n34-savon-barbe-miel\\\/#primaryimage\",\"url\":\"https:\\\/\\\/sapernelle.com\\\/wp-content\\\/uploads\\\/2026\\\/01\\\/savon-barbe-miel.webp\",\"contentUrl\":\"https:\\\/\\\/sapernelle.com\\\/wp-content\\\/uploads\\\/2026\\\/01\\\/savon-barbe-miel.webp\",\"width\":1434,\"height\":1434,\"caption\":\"savon barbe miel\"},{\"@type\":\"BreadcrumbList\",\"@id\":\"https:\\\/\\\/sapernelle.com\\\/index.php\\\/produit\\\/n34-savon-barbe-miel\\\/#breadcrumb\",\"itemListElement\":[{\"@type\":\"ListItem\",\"position\":1,\"name\":\"Accueil\",\"item\":\"https:\\\/\\\/sapernelle.com\\\/\"},{\"@type\":\"ListItem\",\"position\":2,\"name\":\"Les Savons\",\"item\":\"https:\\\/\\\/sapernelle.com\\\/\"},{\"@type\":\"ListItem\",\"position\":3,\"name\":\"n\u00b034 Savon barbe miel\"}]},{\"@type\":\"WebSite\",\"@id\":\"https:\\\/\\\/sapernelle.com\\\/#website\",\"url\":\"https:\\\/\\\/sapernelle.com\\\/\",\"name\":\"Sapernelle\",\"description\":\"Savonnerie Artisanale Sapernelle en Provence\",\"potentialAction\":[{\"@type\":\"SearchAction\",\"target\":{\"@type\":\"EntryPoint\",\"urlTemplate\":\"https:\\\/\\\/sapernelle.com\\\/?s={search_term_string}\"},\"query-input\":{\"@type\":\"PropertyValueSpecification\",\"valueRequired\":true,\"valueName\":\"search_term_string\"}}],\"inLanguage\":\"fr-FR\"}]}<\/script>\n<!-- \/ Yoast SEO plugin. -->","yoast_head_json":{"title":"n\u00b034 Savon barbe miel - Sapernelle","robots":{"index":"index","follow":"follow","max-snippet":"max-snippet:-1","max-image-preview":"max-image-preview:large","max-video-preview":"max-video-preview:-1"},"canonical":"https:\/\/sapernelle.com\/index.php\/produit\/n34-savon-barbe-miel\/","og_locale":"fr_FR","og_type":"article","og_title":"n\u00b034 Savon barbe miel - Sapernelle","og_description":"Ce savon de barbe d\u00e9veloppe une mousse riche et cr\u00e9meuse qui prot\u00e8ge la peau durant le rasage. Le miel, reconnu pour ses propri\u00e9t\u00e9s nourrissantes et r\u00e9paratrices, aide \u00e0 pr\u00e9server l\u2019hydratation de l\u2019\u00e9piderme et \u00e0 favoriser la r\u00e9paration des micro-agressions li\u00e9es \u00e0 la lame. Associ\u00e9 \u00e0 la fra\u00eecheur apaisante de la verveine, il laisse le visage doux, confortable et souple apr\u00e8s chaque rasage.","og_url":"https:\/\/sapernelle.com\/index.php\/produit\/n34-savon-barbe-miel\/","og_site_name":"Sapernelle","article_modified_time":"2026-03-10T12:50:38+00:00","og_image":[{"width":1434,"height":1434,"url":"https:\/\/sapernelle.com\/wp-content\/uploads\/2026\/01\/savon-barbe-miel.webp","type":"image\/webp"}],"twitter_card":"summary_large_image","twitter_misc":{"Dur\u00e9e de lecture estim\u00e9e":"1 minute"},"schema":{"@context":"https:\/\/schema.org","@graph":[{"@type":"WebPage","@id":"https:\/\/sapernelle.com\/index.php\/produit\/n34-savon-barbe-miel\/","url":"https:\/\/sapernelle.com\/index.php\/produit\/n34-savon-barbe-miel\/","name":"n\u00b034 Savon barbe miel - Sapernelle","isPartOf":{"@id":"https:\/\/sapernelle.com\/#website"},"primaryImageOfPage":{"@id":"https:\/\/sapernelle.com\/index.php\/produit\/n34-savon-barbe-miel\/#primaryimage"},"image":{"@id":"https:\/\/sapernelle.com\/index.php\/produit\/n34-savon-barbe-miel\/#primaryimage"},"thumbnailUrl":"https:\/\/sapernelle.com\/wp-content\/uploads\/2026\/01\/savon-barbe-miel.webp","datePublished":"2026-01-06T15:05:27+00:00","dateModified":"2026-03-10T12:50:38+00:00","breadcrumb":{"@id":"https:\/\/sapernelle.com\/index.php\/produit\/n34-savon-barbe-miel\/#breadcrumb"},"inLanguage":"fr-FR","potentialAction":[{"@type":"ReadAction","target":["https:\/\/sapernelle.com\/index.php\/produit\/n34-savon-barbe-miel\/"]}]},{"@type":"ImageObject","inLanguage":"fr-FR","@id":"https:\/\/sapernelle.com\/index.php\/produit\/n34-savon-barbe-miel\/#primaryimage","url":"https:\/\/sapernelle.com\/wp-content\/uploads\/2026\/01\/savon-barbe-miel.webp","contentUrl":"https:\/\/sapernelle.com\/wp-content\/uploads\/2026\/01\/savon-barbe-miel.webp","width":1434,"height":1434,"caption":"savon barbe miel"},{"@type":"BreadcrumbList","@id":"https:\/\/sapernelle.com\/index.php\/produit\/n34-savon-barbe-miel\/#breadcrumb","itemListElement":[{"@type":"ListItem","position":1,"name":"Accueil","item":"https:\/\/sapernelle.com\/"},{"@type":"ListItem","position":2,"name":"Les Savons","item":"https:\/\/sapernelle.com\/"},{"@type":"ListItem","position":3,"name":"n\u00b034 Savon barbe miel"}]},{"@type":"WebSite","@id":"https:\/\/sapernelle.com\/#website","url":"https:\/\/sapernelle.com\/","name":"Sapernelle","description":"Savonnerie Artisanale Sapernelle en Provence","potentialAction":[{"@type":"SearchAction","target":{"@type":"EntryPoint","urlTemplate":"https:\/\/sapernelle.com\/?s={search_term_string}"},"query-input":{"@type":"PropertyValueSpecification","valueRequired":true,"valueName":"search_term_string"}}],"inLanguage":"fr-FR"}]}},"_links":{"self":[{"href":"https:\/\/sapernelle.com\/index.php\/wp-json\/wp\/v2\/product\/2768","targetHints":{"allow":["GET"]}}],"collection":[{"href":"https:\/\/sapernelle.com\/index.php\/wp-json\/wp\/v2\/product"}],"about":[{"href":"https:\/\/sapernelle.com\/index.php\/wp-json\/wp\/v2\/types\/product"}],"wp:featuredmedia":[{"embeddable":true,"href":"https:\/\/sapernelle.com\/index.php\/wp-json\/wp\/v2\/media\/2769"}],"wp:attachment":[{"href":"https:\/\/sapernelle.com\/index.php\/wp-json\/wp\/v2\/media?parent=2768"}],"wp:term":[{"taxonomy":"product_brand","embeddable":true,"href":"https:\/\/sapernelle.com\/index.php\/wp-json\/wp\/v2\/product_brand?post=2768"},{"taxonomy":"product_cat","embeddable":true,"href":"https:\/\/sapernelle.com\/index.php\/wp-json\/wp\/v2\/product_cat?post=2768"},{"taxonomy":"product_tag","embeddable":true,"href":"https:\/\/sapernelle.com\/index.php\/wp-json\/wp\/v2\/product_tag?post=2768"}],"curies":[{"name":"wp","href":"https:\/\/api.w.org\/{rel}","templated":true}]}}