{"id":2397,"date":"2025-10-07T11:06:16","date_gmt":"2025-10-07T09:06:16","guid":{"rendered":"https:\/\/sapernelle.com\/?page_id=2397"},"modified":"2026-04-29T13:52:10","modified_gmt":"2026-04-29T11:52:10","slug":"ateliers-a-la-savonnerie","status":"publish","type":"page","link":"https:\/\/sapernelle.com\/index.php\/ateliers-a-la-savonnerie\/","title":{"rendered":"Ateliers \u00e0 la savonnerie"},"content":{"rendered":"<p>[et_pb_section fb_built=\u00a0\u00bb1&Prime; _builder_version=\u00a0\u00bb4.27.4&Prime; _module_preset=\u00a0\u00bbdefault\u00a0\u00bb custom_padding=\u00a0\u00bb79px||0px|||\u00a0\u00bb global_colors_info=\u00a0\u00bb{}\u00a0\u00bb][et_pb_row column_structure=\u00a0\u00bb1_5,1_5,1_5,1_5,1_5&Prime; disabled_on=\u00a0\u00bbon|off|off\u00a0\u00bb _builder_version=\u00a0\u00bb4.27.4&Prime; _module_preset=\u00a0\u00bbdefault\u00a0\u00bb global_colors_info=\u00a0\u00bb{}\u00a0\u00bb][et_pb_column type=\u00a0\u00bb1_5&Prime; _builder_version=\u00a0\u00bb4.27.4&Prime; _module_preset=\u00a0\u00bbdefault\u00a0\u00bb global_colors_info=\u00a0\u00bb{}\u00a0\u00bb][et_pb_image src=\u00a0\u00bbhttps:\/\/sapernelle.com\/wp-content\/uploads\/2025\/10\/ateliers-baume.webp\u00a0\u00bb alt=\u00a0\u00bbateliers baumes\u00a0\u00bb title_text=\u00a0\u00bbateliers baume\u00a0\u00bb _builder_version=\u00a0\u00bb4.27.4&Prime; _module_preset=\u00a0\u00bbdefault\u00a0\u00bb global_colors_info=\u00a0\u00bb{}\u00a0\u00bb][\/et_pb_image][\/et_pb_column][et_pb_column type=\u00a0\u00bb1_5&Prime; _builder_version=\u00a0\u00bb4.27.4&Prime; _module_preset=\u00a0\u00bbdefault\u00a0\u00bb global_colors_info=\u00a0\u00bb{}\u00a0\u00bb][et_pb_image src=\u00a0\u00bbhttps:\/\/sapernelle.com\/wp-content\/uploads\/2025\/10\/savons-ateliers.webp\u00a0\u00bb alt=\u00a0\u00bbsavons ateliers\u00a0\u00bb title_text=\u00a0\u00bbsavons ateliers\u00a0\u00bb _builder_version=\u00a0\u00bb4.27.4&Prime; _module_preset=\u00a0\u00bbdefault\u00a0\u00bb global_colors_info=\u00a0\u00bb{}\u00a0\u00bb][\/et_pb_image][\/et_pb_column][et_pb_column type=\u00a0\u00bb1_5&Prime; _builder_version=\u00a0\u00bb4.27.4&Prime; _module_preset=\u00a0\u00bbdefault\u00a0\u00bb global_colors_info=\u00a0\u00bb{}\u00a0\u00bb][et_pb_image src=\u00a0\u00bbhttps:\/\/sapernelle.com\/wp-content\/uploads\/2025\/10\/ateliers-baume-creation.webp\u00a0\u00bb alt=\u00a0\u00bbateliers baumes cr\u00e9ation\u00a0\u00bb title_text=\u00a0\u00bbateliers baume cre\u0301ation\u00a0\u00bb _builder_version=\u00a0\u00bb4.27.4&Prime; _module_preset=\u00a0\u00bbdefault\u00a0\u00bb global_colors_info=\u00a0\u00bb{}\u00a0\u00bb][\/et_pb_image][\/et_pb_column][et_pb_column type=\u00a0\u00bb1_5&Prime; _builder_version=\u00a0\u00bb4.27.4&Prime; _module_preset=\u00a0\u00bbdefault\u00a0\u00bb global_colors_info=\u00a0\u00bb{}\u00a0\u00bb][et_pb_image src=\u00a0\u00bbhttps:\/\/sapernelle.com\/wp-content\/uploads\/2025\/10\/ateliers-savons.webp\u00a0\u00bb alt=\u00a0\u00bbateliers savons\u00a0\u00bb title_text=\u00a0\u00bbateliers savons\u00a0\u00bb _builder_version=\u00a0\u00bb4.27.4&Prime; _module_preset=\u00a0\u00bbdefault\u00a0\u00bb global_colors_info=\u00a0\u00bb{}\u00a0\u00bb][\/et_pb_image][\/et_pb_column][et_pb_column type=\u00a0\u00bb1_5&Prime; _builder_version=\u00a0\u00bb4.27.4&Prime; _module_preset=\u00a0\u00bbdefault\u00a0\u00bb global_colors_info=\u00a0\u00bb{}\u00a0\u00bb][et_pb_image src=\u00a0\u00bbhttps:\/\/sapernelle.com\/wp-content\/uploads\/2025\/10\/baume-ateliers.webp\u00a0\u00bb alt=\u00a0\u00bbbaume ateliers\u00a0\u00bb title_text=\u00a0\u00bbbaume ateliers\u00a0\u00bb _builder_version=\u00a0\u00bb4.27.4&Prime; _module_preset=\u00a0\u00bbdefault\u00a0\u00bb global_colors_info=\u00a0\u00bb{}\u00a0\u00bb][\/et_pb_image][\/et_pb_column][\/et_pb_row][et_pb_row disabled_on=\u00a0\u00bbon|off|off\u00a0\u00bb _builder_version=\u00a0\u00bb4.27.4&Prime; _module_preset=\u00a0\u00bbdefault\u00a0\u00bb global_colors_info=\u00a0\u00bb{}\u00a0\u00bb][et_pb_column type=\u00a0\u00bb4_4&Prime; _builder_version=\u00a0\u00bb4.27.4&Prime; _module_preset=\u00a0\u00bbdefault\u00a0\u00bb global_colors_info=\u00a0\u00bb{}\u00a0\u00bb][et_pb_divider show_divider=\u00a0\u00bboff\u00a0\u00bb _builder_version=\u00a0\u00bb4.27.4&Prime; _module_preset=\u00a0\u00bbdefault\u00a0\u00bb global_colors_info=\u00a0\u00bb{}\u00a0\u00bb][\/et_pb_divider][et_pb_text disabled_on=\u00a0\u00bboff|off|off\u00a0\u00bb _builder_version=\u00a0\u00bb4.27.4&Prime; _module_preset=\u00a0\u00bbdefault\u00a0\u00bb global_colors_info=\u00a0\u00bb{}\u00a0\u00bb]<\/p>\n<h2 style=\"text-align: center;\">Exercez votre cr\u00e9ativit\u00e9&#8230;<\/h2>\n<p data-start=\"102\" data-end=\"250\" style=\"text-align: center;\">B\u00e9atrice vous ouvre les portes de sa <strong data-start=\"139\" data-end=\"164\">savonnerie artisanale<\/strong> pour cr\u00e9er votre savon unique, en choisissant <strong data-start=\"211\" data-end=\"247\">parfums, couleurs et d\u00e9corations<\/strong>.<\/p>\n<p data-start=\"252\" data-end=\"332\" style=\"text-align: center;\">Un moment <strong data-start=\"262\" data-end=\"286\">convivial et cr\u00e9atif<\/strong>, \u00e0 partager seul, en famille ou entre amis.<\/p>\n<p data-start=\"334\" data-end=\"483\" style=\"text-align: center;\"><strong data-start=\"337\" data-end=\"363\">Privatisation possible<\/strong> avec <strong data-start=\"369\" data-end=\"390\">tarifs d\u00e9gressifs<\/strong> pour les groupes, id\u00e9al pour un anniversaire, un team-building ou un moment entre proches.<\/p>\n<p data-start=\"554\" data-end=\"818\">\n<p>[\/et_pb_text][et_pb_text disabled_on=\u00a0\u00bbon|off|off\u00a0\u00bb _builder_version=\u00a0\u00bb4.27.5&Prime; _module_preset=\u00a0\u00bbdefault\u00a0\u00bb background_color=\u00a0\u00bb#a18883&Prime; global_colors_info=\u00a0\u00bb{}\u00a0\u00bb]<\/p>\n<h1 style=\"text-align: center;\"><span style=\"color: #ffffff;\"><strong>Nouveaux cr\u00e9neaux pour les ateliers de l&rsquo;\u00e9t\u00e9 2026 !<\/strong><\/span><\/h1>\n<h1 style=\"text-align: center;\"><strong style=\"color: #ffffff; font-size: 16px;\">ATELIER SAVONS : 23 MAI \/ 15 JUILLET \/ 23 JUILLET \/ 30 JUILLET \/ 6 AOUT \/ 13 AOUT\u00a0<\/strong><\/h1>\n<p style=\"text-align: center;\"><span style=\"color: #ffffff;\"><strong>\u00a0ATELIERS BAUMES : <\/strong><\/span><strong style=\"color: #ffffff; font-size: 16px;\">15 JUILLET \/ 23 JUILLET \/ 30 JUILLET \/ 6 AOUT \/ 13 AOUT<\/strong><\/p>\n<p><strong><\/strong><\/p>\n<p>[\/et_pb_text][\/et_pb_column][\/et_pb_row][et_pb_row _builder_version=\u00a0\u00bb4.27.4&Prime; _module_preset=\u00a0\u00bbdefault\u00a0\u00bb global_colors_info=\u00a0\u00bb{}\u00a0\u00bb][et_pb_column type=\u00a0\u00bb4_4&Prime; _builder_version=\u00a0\u00bb4.27.4&Prime; _module_preset=\u00a0\u00bbdefault\u00a0\u00bb global_colors_info=\u00a0\u00bb{}\u00a0\u00bb][et_pb_divider show_divider=\u00a0\u00bboff\u00a0\u00bb _builder_version=\u00a0\u00bb4.27.4&Prime; _module_preset=\u00a0\u00bbdefault\u00a0\u00bb global_colors_info=\u00a0\u00bb{}\u00a0\u00bb][\/et_pb_divider][et_pb_button button_url=\u00a0\u00bbhttps:\/\/sapernelle.com\/index.php\/nous-contacter\/\u00a0\u00bb button_text=\u00a0\u00bbContactez nous\u00a0\u00bb button_alignment=\u00a0\u00bbcenter\u00a0\u00bb disabled_on=\u00a0\u00bbon|off|off\u00a0\u00bb _builder_version=\u00a0\u00bb4.27.5&Prime; _module_preset=\u00a0\u00bbdefault\u00a0\u00bb global_colors_info=\u00a0\u00bb{}\u00a0\u00bb][\/et_pb_button][\/et_pb_column][\/et_pb_row][et_pb_row column_structure=\u00a0\u00bb3_4,1_4&Prime; disabled_on=\u00a0\u00bbon|off|off\u00a0\u00bb _builder_version=\u00a0\u00bb4.27.4&Prime; _module_preset=\u00a0\u00bbdefault\u00a0\u00bb global_colors_info=\u00a0\u00bb{}\u00a0\u00bb][et_pb_column type=\u00a0\u00bb3_4&Prime; _builder_version=\u00a0\u00bb4.27.4&Prime; _module_preset=\u00a0\u00bbdefault\u00a0\u00bb global_colors_info=\u00a0\u00bb{}\u00a0\u00bb][et_pb_text _builder_version=\u00a0\u00bb4.27.4&Prime; _module_preset=\u00a0\u00bbdefault\u00a0\u00bb global_colors_info=\u00a0\u00bb{}\u00a0\u00bb]<\/p>\n<h2 style=\"text-align: center;\"><span style=\"font-size: 24px;\"><\/span><\/h2>\n<h2 style=\"text-align: center;\"><span style=\"font-size: 24px;\"><\/span><\/h2>\n<h2 style=\"text-align: center;\"><span style=\"font-size: 24px;\"><\/span><\/h2>\n<h2 style=\"text-align: center;\"><span style=\"font-size: 24px;\">Vous souhaitez <\/span><b>faire d\u00e9couvrir cette exp\u00e9rience \u00e0 un proche<\/b> ?<\/h2>\n<p class=\"p1\" style=\"text-align: center;\">\n<p data-start=\"61\" data-end=\"230\">C\u2019est maintenant possible avec nos <span style=\"text-decoration: underline;\"><strong data-start=\"145\" data-end=\"161\">BONS CADEAUX<\/strong><\/span> \u00e0 personnaliser pour l\u2019un des deux ateliers propos\u00e9s par B\u00e9atrice.<\/p>\n<p data-start=\"232\" data-end=\"395\">Une belle id\u00e9e pour faire d\u00e9couvrir une exp\u00e9rience unique :<\/p>\n<p data-start=\"232\" data-end=\"395\" style=\"text-align: center;\"><strong>cr\u00e9er de ses mains,<\/strong><\/p>\n<p data-start=\"232\" data-end=\"395\" style=\"text-align: center;\"><strong>se d\u00e9tendre,<\/strong><\/p>\n<p data-start=\"232\" data-end=\"395\" style=\"text-align: center;\"><strong>partager un moment convivial,<\/strong><\/p>\n<p data-start=\"232\" data-end=\"395\" style=\"text-align: center;\"><strong>et repartir avec sa propre r\u00e9alisation<\/strong><\/p>\n<p data-start=\"397\" data-end=\"507\" style=\"text-align: center;\">Un <strong data-start=\"400\" data-end=\"453\">cadeau original<\/strong>, simple \u00e0 offrir et plein de sens, pour faire plaisir \u00e0 vos proches\u2026 ou \u00e0 vous-m\u00eame !<\/p>\n<p>[\/et_pb_text][\/et_pb_column][et_pb_column type=\u00a0\u00bb1_4&Prime; _builder_version=\u00a0\u00bb4.27.4&Prime; _module_preset=\u00a0\u00bbdefault\u00a0\u00bb global_colors_info=\u00a0\u00bb{}\u00a0\u00bb][et_pb_shop type=\u00a0\u00bbproduct_category\u00a0\u00bb include_categories=\u00a0\u00bb109&Prime; _builder_version=\u00a0\u00bb4.27.4&Prime; _module_preset=\u00a0\u00bbdefault\u00a0\u00bb text_orientation=\u00a0\u00bbcenter\u00a0\u00bb box_shadow_style=\u00a0\u00bbpreset1&Prime; global_colors_info=\u00a0\u00bb{}\u00a0\u00bb][\/et_pb_shop][\/et_pb_column][\/et_pb_row][et_pb_row _builder_version=\u00a0\u00bb4.27.4&Prime; _module_preset=\u00a0\u00bbdefault\u00a0\u00bb global_colors_info=\u00a0\u00bb{}\u00a0\u00bb][et_pb_column type=\u00a0\u00bb4_4&Prime; _builder_version=\u00a0\u00bb4.27.4&Prime; _module_preset=\u00a0\u00bbdefault\u00a0\u00bb global_colors_info=\u00a0\u00bb{}\u00a0\u00bb][et_pb_image src=\u00a0\u00bbhttps:\/\/sapernelle.com\/wp-content\/uploads\/2025\/10\/ateliers-baume-creation.webp\u00a0\u00bb alt=\u00a0\u00bbateliers baumes cr\u00e9ation\u00a0\u00bb title_text=\u00a0\u00bbateliers baume cre\u0301ation\u00a0\u00bb align=\u00a0\u00bbcenter\u00a0\u00bb disabled_on=\u00a0\u00bboff|on|on\u00a0\u00bb _builder_version=\u00a0\u00bb4.27.4&Prime; _module_preset=\u00a0\u00bbdefault\u00a0\u00bb global_colors_info=\u00a0\u00bb{}\u00a0\u00bb][\/et_pb_image][et_pb_text disabled_on=\u00a0\u00bboff|on|on\u00a0\u00bb _builder_version=\u00a0\u00bb4.27.4&Prime; _module_preset=\u00a0\u00bbdefault\u00a0\u00bb global_colors_info=\u00a0\u00bb{}\u00a0\u00bb]<\/p>\n<h2 style=\"text-align: center;\">Exercez votre cr\u00e9ativit\u00e9&#8230;<\/h2>\n<p data-start=\"102\" data-end=\"250\" style=\"text-align: center;\">B\u00e9atrice vous ouvre les portes de sa <strong data-start=\"139\" data-end=\"164\">savonnerie artisanale<\/strong> pour cr\u00e9er votre savon unique, en choisissant <strong data-start=\"211\" data-end=\"247\">parfums, couleurs et d\u00e9corations<\/strong>.<\/p>\n<p data-start=\"252\" data-end=\"332\" style=\"text-align: center;\">Un moment <strong data-start=\"262\" data-end=\"286\">convivial et cr\u00e9atif<\/strong>, \u00e0 partager seul, en famille ou entre amis.<\/p>\n<p data-start=\"334\" data-end=\"483\" style=\"text-align: center;\"><strong data-start=\"337\" data-end=\"363\">Privatisation possible<\/strong> avec <strong data-start=\"369\" data-end=\"390\">tarifs d\u00e9gressifs<\/strong> pour les groupes, id\u00e9al pour un anniversaire, un team-building ou un moment entre proches.<\/p>\n<p>[\/et_pb_text][et_pb_text disabled_on=\u00a0\u00bboff|off|on\u00a0\u00bb _builder_version=\u00a0\u00bb4.27.5&Prime; _module_preset=\u00a0\u00bbdefault\u00a0\u00bb background_color=\u00a0\u00bb#a18883&Prime; hover_enabled=\u00a0\u00bb0&Prime; global_colors_info=\u00a0\u00bb{}\u00a0\u00bb sticky_enabled=\u00a0\u00bb0&Prime;]<\/p>\n<h1 style=\"text-align: center;\"><span style=\"color: #ffffff;\"><strong>Nouveaux cr\u00e9neaux pour les ateliers de l&rsquo;\u00e9t\u00e9 2026 !<\/strong><\/span><\/h1>\n<h1 style=\"text-align: center;\"><strong style=\"color: #ffffff; font-size: 16px;\">ATELIER SAVONS : 23 MAI \/ 15 JUILLET \/ 23 JUILLET \/ 30 JUILLET \/ 6 AOUT \/ 13 AOUT\u00a0<\/strong><\/h1>\n<p style=\"text-align: center;\"><span style=\"color: #ffffff;\"><strong>\u00a0ATELIERS BAUMES : <\/strong><\/span><strong style=\"color: #ffffff; font-size: 16px;\">15 JUILLET \/ 23 JUILLET \/ 30 JUILLET \/ 6 AOUT \/ 13 AOUT<\/strong><\/p>\n<p>[\/et_pb_text][et_pb_button button_url=\u00a0\u00bbhttps:\/\/sapernelle.com\/index.php\/nous-contacter\/\u00a0\u00bb button_text=\u00a0\u00bbContactez nous !\u00a0\u00bb button_alignment=\u00a0\u00bbcenter\u00a0\u00bb disabled_on=\u00a0\u00bboff|on|on\u00a0\u00bb _builder_version=\u00a0\u00bb4.27.4&Prime; _module_preset=\u00a0\u00bbdefault\u00a0\u00bb global_colors_info=\u00a0\u00bb{}\u00a0\u00bb][\/et_pb_button][et_pb_text disabled_on=\u00a0\u00bboff|on|on\u00a0\u00bb _builder_version=\u00a0\u00bb4.27.4&Prime; _module_preset=\u00a0\u00bbdefault\u00a0\u00bb global_colors_info=\u00a0\u00bb{}\u00a0\u00bb]<\/p>\n<h1 style=\"text-align: center;\"><span style=\"font-size: large;\">Vous souhaitez <b>faire d\u00e9couvrir cette <\/b><b>exp\u00e9rience \u00e0 un proche<\/b> ?<\/span><\/h1>\n<p data-start=\"61\" data-end=\"230\" style=\"text-align: center;\">C\u2019est maintenant possible avec nos <span style=\"text-decoration: underline;\"><strong data-start=\"145\" data-end=\"161\">BONS CADEAUX<\/strong><\/span> \u00e0 personnaliser pour l\u2019un des deux ateliers propos\u00e9s par B\u00e9atrice.<\/p>\n<p data-start=\"232\" data-end=\"395\" style=\"text-align: center;\">Une belle id\u00e9e pour faire d\u00e9couvrir une exp\u00e9rience unique :<\/p>\n<p data-start=\"232\" data-end=\"395\" style=\"text-align: center;\"><strong>cr\u00e9er de ses mains, <\/strong><strong>se d\u00e9tendre, <\/strong><strong style=\"font-size: 16px;\">partager un moment convivial, <\/strong><strong style=\"font-size: 16px;\">et repartir avec sa propre r\u00e9alisation<\/strong><\/p>\n<p data-start=\"397\" data-end=\"507\" style=\"text-align: center;\">Un <strong data-start=\"400\" data-end=\"453\">cadeau original<\/strong>, simple \u00e0 offrir et plein de sens, pour faire plaisir \u00e0 vos proches\u2026 ou \u00e0 vous-m\u00eame !<\/p>\n<p>[\/et_pb_text][\/et_pb_column][\/et_pb_row][et_pb_row _builder_version=\u00a0\u00bb4.27.4&Prime; _module_preset=\u00a0\u00bbdefault\u00a0\u00bb min_height=\u00a0\u00bb313.8px\u00a0\u00bb global_colors_info=\u00a0\u00bb{}\u00a0\u00bb][et_pb_column type=\u00a0\u00bb4_4&Prime; _builder_version=\u00a0\u00bb4.27.4&Prime; _module_preset=\u00a0\u00bbdefault\u00a0\u00bb global_colors_info=\u00a0\u00bb{}\u00a0\u00bb][et_pb_shop type=\u00a0\u00bbproduct_category\u00a0\u00bb include_categories=\u00a0\u00bb109&Prime; disabled_on=\u00a0\u00bboff|on|on\u00a0\u00bb _builder_version=\u00a0\u00bb4.27.4&Prime; _module_preset=\u00a0\u00bbdefault\u00a0\u00bb module_alignment=\u00a0\u00bbcenter\u00a0\u00bb custom_margin=\u00a0\u00bb0px||||false|false\u00a0\u00bb custom_padding=\u00a0\u00bb||0px|6px|false|false\u00a0\u00bb border_width_all_image=\u00a0\u00bb0px\u00a0\u00bb global_colors_info=\u00a0\u00bb{}\u00a0\u00bb][\/et_pb_shop][\/et_pb_column][\/et_pb_row][\/et_pb_section]<\/p>\n","protected":false},"excerpt":{"rendered":"<p>Exercez votre cr\u00e9ativit\u00e9&#8230; B\u00e9atrice vous ouvre les portes de sa savonnerie artisanale pour cr\u00e9er votre savon unique, en choisissant parfums, couleurs et d\u00e9corations. Un moment convivial et cr\u00e9atif, \u00e0 partager seul, en famille ou entre amis. Privatisation possible avec tarifs d\u00e9gressifs pour les groupes, id\u00e9al pour un anniversaire, un team-building ou un moment entre proches. [&hellip;]<\/p>\n","protected":false},"author":1,"featured_media":0,"parent":0,"menu_order":0,"comment_status":"closed","ping_status":"closed","template":"","meta":{"_et_pb_use_builder":"on","_et_pb_old_content":"","_et_gb_content_width":"","_eb_attr":"","footnotes":""},"class_list":["post-2397","page","type-page","status-publish","hentry"],"yoast_head":"<!-- This site is optimized with the Yoast SEO plugin v27.4 - https:\/\/yoast.com\/product\/yoast-seo-wordpress\/ -->\n<title>Ateliers \u00e0 la savonnerie - Sapernelle<\/title>\n<meta name=\"robots\" content=\"index, follow, max-snippet:-1, max-image-preview:large, max-video-preview:-1\" \/>\n<link rel=\"canonical\" href=\"https:\/\/sapernelle.com\/index.php\/ateliers-a-la-savonnerie\/\" \/>\n<meta property=\"og:locale\" content=\"fr_FR\" \/>\n<meta property=\"og:type\" content=\"article\" \/>\n<meta property=\"og:title\" content=\"Ateliers \u00e0 la savonnerie - Sapernelle\" \/>\n<meta property=\"og:description\" content=\"Exercez votre cr\u00e9ativit\u00e9... B\u00e9atrice vous ouvre les portes de sa savonnerie artisanale pour cr\u00e9er votre savon unique, en choisissant parfums, couleurs et d\u00e9corations. Un moment convivial et cr\u00e9atif, \u00e0 partager seul, en famille ou entre amis. Privatisation possible avec tarifs d\u00e9gressifs pour les groupes, id\u00e9al pour un anniversaire, un team-building ou un moment entre proches. [&hellip;]\" \/>\n<meta property=\"og:url\" content=\"https:\/\/sapernelle.com\/index.php\/ateliers-a-la-savonnerie\/\" \/>\n<meta property=\"og:site_name\" content=\"Sapernelle\" \/>\n<meta property=\"article:modified_time\" content=\"2026-04-29T11:52:10+00:00\" \/>\n<meta name=\"twitter:card\" content=\"summary_large_image\" \/>\n<script type=\"application\/ld+json\" class=\"yoast-schema-graph\">{\"@context\":\"https:\\\/\\\/schema.org\",\"@graph\":[{\"@type\":\"WebPage\",\"@id\":\"https:\\\/\\\/sapernelle.com\\\/index.php\\\/ateliers-a-la-savonnerie\\\/\",\"url\":\"https:\\\/\\\/sapernelle.com\\\/index.php\\\/ateliers-a-la-savonnerie\\\/\",\"name\":\"Ateliers \u00e0 la savonnerie - Sapernelle\",\"isPartOf\":{\"@id\":\"https:\\\/\\\/sapernelle.com\\\/#website\"},\"datePublished\":\"2025-10-07T09:06:16+00:00\",\"dateModified\":\"2026-04-29T11:52:10+00:00\",\"breadcrumb\":{\"@id\":\"https:\\\/\\\/sapernelle.com\\\/index.php\\\/ateliers-a-la-savonnerie\\\/#breadcrumb\"},\"inLanguage\":\"fr-FR\",\"potentialAction\":[{\"@type\":\"ReadAction\",\"target\":[\"https:\\\/\\\/sapernelle.com\\\/index.php\\\/ateliers-a-la-savonnerie\\\/\"]}]},{\"@type\":\"BreadcrumbList\",\"@id\":\"https:\\\/\\\/sapernelle.com\\\/index.php\\\/ateliers-a-la-savonnerie\\\/#breadcrumb\",\"itemListElement\":[{\"@type\":\"ListItem\",\"position\":1,\"name\":\"Accueil\",\"item\":\"https:\\\/\\\/sapernelle.com\\\/\"},{\"@type\":\"ListItem\",\"position\":2,\"name\":\"Ateliers \u00e0 la savonnerie\"}]},{\"@type\":\"WebSite\",\"@id\":\"https:\\\/\\\/sapernelle.com\\\/#website\",\"url\":\"https:\\\/\\\/sapernelle.com\\\/\",\"name\":\"Sapernelle\",\"description\":\"Savonnerie Artisanale Sapernelle en Provence\",\"potentialAction\":[{\"@type\":\"SearchAction\",\"target\":{\"@type\":\"EntryPoint\",\"urlTemplate\":\"https:\\\/\\\/sapernelle.com\\\/?s={search_term_string}\"},\"query-input\":{\"@type\":\"PropertyValueSpecification\",\"valueRequired\":true,\"valueName\":\"search_term_string\"}}],\"inLanguage\":\"fr-FR\"}]}<\/script>\n<!-- \/ Yoast SEO plugin. -->","yoast_head_json":{"title":"Ateliers \u00e0 la savonnerie - Sapernelle","robots":{"index":"index","follow":"follow","max-snippet":"max-snippet:-1","max-image-preview":"max-image-preview:large","max-video-preview":"max-video-preview:-1"},"canonical":"https:\/\/sapernelle.com\/index.php\/ateliers-a-la-savonnerie\/","og_locale":"fr_FR","og_type":"article","og_title":"Ateliers \u00e0 la savonnerie - Sapernelle","og_description":"Exercez votre cr\u00e9ativit\u00e9... B\u00e9atrice vous ouvre les portes de sa savonnerie artisanale pour cr\u00e9er votre savon unique, en choisissant parfums, couleurs et d\u00e9corations. Un moment convivial et cr\u00e9atif, \u00e0 partager seul, en famille ou entre amis. Privatisation possible avec tarifs d\u00e9gressifs pour les groupes, id\u00e9al pour un anniversaire, un team-building ou un moment entre proches. [&hellip;]","og_url":"https:\/\/sapernelle.com\/index.php\/ateliers-a-la-savonnerie\/","og_site_name":"Sapernelle","article_modified_time":"2026-04-29T11:52:10+00:00","twitter_card":"summary_large_image","schema":{"@context":"https:\/\/schema.org","@graph":[{"@type":"WebPage","@id":"https:\/\/sapernelle.com\/index.php\/ateliers-a-la-savonnerie\/","url":"https:\/\/sapernelle.com\/index.php\/ateliers-a-la-savonnerie\/","name":"Ateliers \u00e0 la savonnerie - Sapernelle","isPartOf":{"@id":"https:\/\/sapernelle.com\/#website"},"datePublished":"2025-10-07T09:06:16+00:00","dateModified":"2026-04-29T11:52:10+00:00","breadcrumb":{"@id":"https:\/\/sapernelle.com\/index.php\/ateliers-a-la-savonnerie\/#breadcrumb"},"inLanguage":"fr-FR","potentialAction":[{"@type":"ReadAction","target":["https:\/\/sapernelle.com\/index.php\/ateliers-a-la-savonnerie\/"]}]},{"@type":"BreadcrumbList","@id":"https:\/\/sapernelle.com\/index.php\/ateliers-a-la-savonnerie\/#breadcrumb","itemListElement":[{"@type":"ListItem","position":1,"name":"Accueil","item":"https:\/\/sapernelle.com\/"},{"@type":"ListItem","position":2,"name":"Ateliers \u00e0 la savonnerie"}]},{"@type":"WebSite","@id":"https:\/\/sapernelle.com\/#website","url":"https:\/\/sapernelle.com\/","name":"Sapernelle","description":"Savonnerie Artisanale Sapernelle en Provence","potentialAction":[{"@type":"SearchAction","target":{"@type":"EntryPoint","urlTemplate":"https:\/\/sapernelle.com\/?s={search_term_string}"},"query-input":{"@type":"PropertyValueSpecification","valueRequired":true,"valueName":"search_term_string"}}],"inLanguage":"fr-FR"}]}},"_links":{"self":[{"href":"https:\/\/sapernelle.com\/index.php\/wp-json\/wp\/v2\/pages\/2397","targetHints":{"allow":["GET"]}}],"collection":[{"href":"https:\/\/sapernelle.com\/index.php\/wp-json\/wp\/v2\/pages"}],"about":[{"href":"https:\/\/sapernelle.com\/index.php\/wp-json\/wp\/v2\/types\/page"}],"author":[{"embeddable":true,"href":"https:\/\/sapernelle.com\/index.php\/wp-json\/wp\/v2\/users\/1"}],"replies":[{"embeddable":true,"href":"https:\/\/sapernelle.com\/index.php\/wp-json\/wp\/v2\/comments?post=2397"}],"version-history":[{"count":62,"href":"https:\/\/sapernelle.com\/index.php\/wp-json\/wp\/v2\/pages\/2397\/revisions"}],"predecessor-version":[{"id":2967,"href":"https:\/\/sapernelle.com\/index.php\/wp-json\/wp\/v2\/pages\/2397\/revisions\/2967"}],"wp:attachment":[{"href":"https:\/\/sapernelle.com\/index.php\/wp-json\/wp\/v2\/media?parent=2397"}],"curies":[{"name":"wp","href":"https:\/\/api.w.org\/{rel}","templated":true}]}}