{"id":2336,"date":"2025-09-30T16:17:01","date_gmt":"2025-09-30T14:17:01","guid":{"rendered":"https:\/\/sapernelle.com\/?page_id=2336"},"modified":"2026-01-12T14:07:18","modified_gmt":"2026-01-12T13:07:18","slug":"mentions-legales","status":"publish","type":"page","link":"https:\/\/sapernelle.com\/index.php\/mentions-legales\/","title":{"rendered":"Mentions l\u00e9gales"},"content":{"rendered":"<p>[et_pb_section fb_built=\u00a0\u00bb1&Prime; _builder_version=\u00a0\u00bb4.27.4&Prime; _module_preset=\u00a0\u00bbdefault\u00a0\u00bb global_colors_info=\u00a0\u00bb{}\u00a0\u00bb][et_pb_row _builder_version=\u00a0\u00bb4.27.4&Prime; _module_preset=\u00a0\u00bbdefault\u00a0\u00bb global_colors_info=\u00a0\u00bb{}\u00a0\u00bb][et_pb_column type=\u00a0\u00bb4_4&Prime; _builder_version=\u00a0\u00bb4.27.4&Prime; _module_preset=\u00a0\u00bbdefault\u00a0\u00bb global_colors_info=\u00a0\u00bb{}\u00a0\u00bb][et_pb_text _builder_version=\u00a0\u00bb4.27.4&Prime; _module_preset=\u00a0\u00bbdefault\u00a0\u00bb global_colors_info=\u00a0\u00bb{}\u00a0\u00bb]<\/p>\n<h2 style=\"text-align: center;\">Mentions l\u00e9gales<\/h2>\n<p>&nbsp;<\/p>\n<p>Toutes reproduction m\u00eame partielle de ce site est strictement interdit.<\/p>\n<h2 style=\"text-align: left;\">\u00c9diteur du site :<\/h2>\n<p data-start=\"160\" data-end=\"455\"><br data-start=\"181\" data-end=\"184\" \/>Sapernelle<br data-start=\"194\" data-end=\"197\" \/>Savonnerie artisanale en Provence<br data-start=\"218\" data-end=\"221\" \/><span>408 La Grande Villefranche, 84210 Pernes-les-Fontaines<\/span><br data-start=\"267\" data-end=\"270\" \/>T\u00e9l\u00e9phone : 0627239392<br data-start=\"302\" data-end=\"305\" \/>Email : contact@sapernelle.com<br data-start=\"339\" data-end=\"342\" \/>SIRET : 88420060100018<br data-start=\"409\" data-end=\"412\" \/>Capital social : 5 000\u20ac<\/p>\n<p data-start=\"457\" data-end=\"555\"><strong data-start=\"457\" data-end=\"490\">Directeur de la publication :<\/strong><br data-start=\"490\" data-end=\"493\" \/><span>@ Sapernelle 2020 &#8211; Cr\u00e9ation : La Vache Noire Sud<\/span><span><\/span><\/p>\n<p data-start=\"457\" data-end=\"555\"><strong data-start=\"457\" data-end=\"490\">Cr\u00e9dit photographique :<\/strong><\/p>\n<p data-start=\"457\" data-end=\"555\">Cr\u00e9dits photos : Aude Cailloux<\/p>\n<hr data-start=\"557\" data-end=\"560\" \/>\n<h2 data-start=\"562\" data-end=\"579\">Nous contacter<\/h2>\n<ul data-start=\"580\" data-end=\"700\">\n<li data-start=\"580\" data-end=\"640\">\n<p data-start=\"582\" data-end=\"640\"><strong data-start=\"582\" data-end=\"597\">Par email :<\/strong> via le formulaire de contact sur le site ou contact@sapernelle.com<\/p>\n<\/li>\n<li data-start=\"641\" data-end=\"700\">\n<p data-start=\"643\" data-end=\"700\"><strong data-start=\"643\" data-end=\"661\">Par courrier :<\/strong> <span>408 La Grande Villefranche, 84210 Pernes-les-Fontaines<\/span><\/p>\n<\/li>\n<\/ul>\n<h2 data-start=\"707\" data-end=\"721\">H\u00e9bergement<\/h2>\n<p data-start=\"722\" data-end=\"847\"><span>H\u00e9bergement : OVH SAS \u2013 OVH SAS est une filiale de la soci\u00e9t\u00e9 OVH Groupe SAS, soci\u00e9t\u00e9 immatricul\u00e9e au RCS de Lille sous le num\u00e9ro 537 407 926 sise 2, rue Kellermann, 59100 Roubaix.<\/span><\/p>\n<h2 data-start=\"854\" data-end=\"881\">Propri\u00e9t\u00e9 intellectuelle<\/h2>\n<p data-start=\"882\" data-end=\"1231\">L\u2019ensemble du contenu pr\u00e9sent sur ce site, incluant les textes, images, vid\u00e9os, logos, marques et graphismes, est la propri\u00e9t\u00e9 exclusive de Sapernelle ou de ses partenaires. Toute reproduction, repr\u00e9sentation, modification, publication, transmission ou utilisation sans autorisation pr\u00e9alable \u00e9crite est strictement interdite.<\/p>\n<h2 data-start=\"1238\" data-end=\"1261\">Donn\u00e9es personnelles et emails<\/h2>\n<p data-start=\"1051\" data-end=\"1248\">Le traitement de vos donn\u00e9es personnelles est conforme au <strong data-start=\"1109\" data-end=\"1167\">R\u00e8glement G\u00e9n\u00e9ral sur la Protection des Donn\u00e9es (RGPD)<\/strong>.<br data-start=\"1168\" data-end=\"1171\" \/>Vos donn\u00e9es (nom, email, t\u00e9l\u00e9phone, etc.) sont collect\u00e9es uniquement pour :<\/p>\n<ul data-start=\"1249\" data-end=\"1451\">\n<li data-start=\"1249\" data-end=\"1306\">\n<p data-start=\"1251\" data-end=\"1306\">r\u00e9pondre \u00e0 vos demandes via le formulaire de contact,<\/p>\n<\/li>\n<li data-start=\"1307\" data-end=\"1362\">\n<p data-start=\"1309\" data-end=\"1362\">g\u00e9rer vos inscriptions \u00e0 des ateliers ou commandes,<\/p>\n<\/li>\n<li data-start=\"1363\" data-end=\"1451\">\n<p data-start=\"1365\" data-end=\"1451\">vous envoyer des newsletters ou informations commerciales (si vous y avez consenti).<\/p>\n<\/li>\n<\/ul>\n<p data-start=\"1453\" data-end=\"1598\">Dur\u00e9e de conservation : vos donn\u00e9es sont conserv\u00e9es jusqu\u2019\u00e0 votre d\u00e9sinscription, suppression de compte ou demande expresse de suppression.<\/p>\n<p data-start=\"1600\" data-end=\"1783\">Destinataires : seules les personnes habilit\u00e9es chez Sapernelle peuvent acc\u00e9der \u00e0 vos donn\u00e9es. Elles ne sont jamais revendues.<\/p>\n<p data-start=\"1785\" data-end=\"2006\">Vos droits : vous pouvez \u00e0 tout moment exercer vos droits d\u2019acc\u00e8s, rectification, effacement, limitation, portabilit\u00e9 ou opposition en nous contactant \u00e0 <strong data-start=\"1942\" data-end=\"1968\"><a data-start=\"1944\" data-end=\"1966\" class=\"decorated-link cursor-pointer\" rel=\"noopener\">contact@sapernelle.com <\/a><\/strong>ou via notre formulaire de contact.<\/p>\n<h3 data-start=\"2008\" data-end=\"2076\"><\/h3>\n<p>&nbsp;<\/p>\n<p>[\/et_pb_text][et_pb_divider _builder_version=\u00a0\u00bb4.27.4&Prime; _module_preset=\u00a0\u00bbdefault\u00a0\u00bb global_colors_info=\u00a0\u00bb{}\u00a0\u00bb][\/et_pb_divider][et_pb_text _builder_version=\u00a0\u00bb4.27.4&Prime; _module_preset=\u00a0\u00bbdefault\u00a0\u00bb global_colors_info=\u00a0\u00bb{}\u00a0\u00bb]<\/p>\n<h1 class=\"template-page--heading\" data-item=\"section-heading\" data-transition-item=\"viewport\" data-transition-type=\"slide-in\" data-transition-active=\"true\" data-transition-finished=\"true\">Information sur le droit d\u2019opposition au d\u00e9marchage t\u00e9l\u00e9phonique<\/h1>\n<p data-start=\"265\" data-end=\"748\">Conform\u00e9ment \u00e0 l\u2019article L.223-2 du Code de la consommation, nous informons nos clients qu\u2019ils disposent du droit de s\u2019inscrire gratuitement sur la liste d\u2019opposition au d\u00e9marchage t\u00e9l\u00e9phonique<span>\u00a0<\/span><strong data-start=\"459\" data-end=\"470\">BLOCTEL<\/strong><span>\u00a0<\/span>(<a data-start=\"472\" data-end=\"491\" rel=\"noopener\" class=\"decorated-link cursor-pointer\" href=\"https:\/\/www.bloctel.gouv.fr\/\">www.bloctel.gouv.fr<span aria-hidden=\"true\" class=\"ms-0.5 inline-block align-middle leading-none\"><svg width=\"20\" height=\"20\" viewbox=\"0 0 20 20\" fill=\"currentColor\" xmlns=\"http:\/\/www.w3.org\/2000\/svg\" data-rtl-flip=\"\" class=\"block h-[0.75em] w-[0.75em] stroke-current stroke-[0.75]\"><path d=\"M14.3349 13.3301V6.60645L5.47065 15.4707C5.21095 15.7304 4.78895 15.7304 4.52925 15.4707C4.26955 15.211 4.26955 14.789 4.52925 14.5293L13.3935 5.66504H6.66011C6.29284 5.66504 5.99507 5.36727 5.99507 5C5.99507 4.63273 6.29284 4.33496 6.66011 4.33496H14.9999L15.1337 4.34863C15.4369 4.41057 15.665 4.67857 15.665 5V13.3301C15.6649 13.6973 15.3672 13.9951 14.9999 13.9951C14.6327 13.9951 14.335 13.6973 14.3349 13.3301Z\"><\/path><\/svg><\/span><\/a>).<\/p>\n<p data-start=\"265\" data-end=\"748\"><br data-start=\"493\" data-end=\"496\" \/>Ainsi, si vous ne souhaitez pas faire l\u2019objet de sollicitations commerciales par t\u00e9l\u00e9phone, vous pouvez vous inscrire sur cette liste officielle.<br data-start=\"641\" data-end=\"644\" \/>Cette information est communiqu\u00e9e m\u00eame si<strong> www.sapernelle.com<\/strong><span>\u00a0<\/span>ne pratique aucun d\u00e9marchage t\u00e9l\u00e9phonique.<\/p>\n<p>[\/et_pb_text][\/et_pb_column][\/et_pb_row][\/et_pb_section]<\/p>\n","protected":false},"excerpt":{"rendered":"<p>Mentions l\u00e9gales &nbsp; Toutes reproduction m\u00eame partielle de ce site est strictement interdit. \u00c9diteur du site : SapernelleSavonnerie artisanale en Provence408 La Grande Villefranche, 84210 Pernes-les-FontainesT\u00e9l\u00e9phone : 0627239392Email : contact@sapernelle.comSIRET : 88420060100018Capital social : 5 000\u20ac Directeur de la publication :@ Sapernelle 2020 &#8211; Cr\u00e9ation : La Vache Noire Sud Cr\u00e9dit photographique : Cr\u00e9dits photos [&hellip;]<\/p>\n","protected":false},"author":1,"featured_media":0,"parent":0,"menu_order":0,"comment_status":"closed","ping_status":"closed","template":"","meta":{"_et_pb_use_builder":"on","_et_pb_old_content":"","_et_gb_content_width":"","_eb_attr":"","footnotes":""},"class_list":["post-2336","page","type-page","status-publish","hentry"],"yoast_head":"<!-- This site is optimized with the Yoast SEO plugin v27.4 - https:\/\/yoast.com\/product\/yoast-seo-wordpress\/ -->\n<title>Mentions l\u00e9gales - Sapernelle<\/title>\n<meta name=\"robots\" content=\"index, follow, max-snippet:-1, max-image-preview:large, max-video-preview:-1\" \/>\n<link rel=\"canonical\" href=\"https:\/\/sapernelle.com\/index.php\/mentions-legales\/\" \/>\n<meta property=\"og:locale\" content=\"fr_FR\" \/>\n<meta property=\"og:type\" content=\"article\" \/>\n<meta property=\"og:title\" content=\"Mentions l\u00e9gales - Sapernelle\" \/>\n<meta property=\"og:description\" content=\"Mentions l\u00e9gales &nbsp; Toutes reproduction m\u00eame partielle de ce site est strictement interdit. \u00c9diteur du site : SapernelleSavonnerie artisanale en Provence408 La Grande Villefranche, 84210 Pernes-les-FontainesT\u00e9l\u00e9phone : 0627239392Email : contact@sapernelle.comSIRET : 88420060100018Capital social : 5 000\u20ac Directeur de la publication :@ Sapernelle 2020 - Cr\u00e9ation : La Vache Noire Sud Cr\u00e9dit photographique : Cr\u00e9dits photos [&hellip;]\" \/>\n<meta property=\"og:url\" content=\"https:\/\/sapernelle.com\/index.php\/mentions-legales\/\" \/>\n<meta property=\"og:site_name\" content=\"Sapernelle\" \/>\n<meta property=\"article:modified_time\" content=\"2026-01-12T13:07:18+00:00\" \/>\n<meta name=\"twitter:card\" content=\"summary_large_image\" \/>\n<script type=\"application\/ld+json\" class=\"yoast-schema-graph\">{\"@context\":\"https:\\\/\\\/schema.org\",\"@graph\":[{\"@type\":\"WebPage\",\"@id\":\"https:\\\/\\\/sapernelle.com\\\/index.php\\\/mentions-legales\\\/\",\"url\":\"https:\\\/\\\/sapernelle.com\\\/index.php\\\/mentions-legales\\\/\",\"name\":\"Mentions l\u00e9gales - Sapernelle\",\"isPartOf\":{\"@id\":\"https:\\\/\\\/sapernelle.com\\\/#website\"},\"datePublished\":\"2025-09-30T14:17:01+00:00\",\"dateModified\":\"2026-01-12T13:07:18+00:00\",\"breadcrumb\":{\"@id\":\"https:\\\/\\\/sapernelle.com\\\/index.php\\\/mentions-legales\\\/#breadcrumb\"},\"inLanguage\":\"fr-FR\",\"potentialAction\":[{\"@type\":\"ReadAction\",\"target\":[\"https:\\\/\\\/sapernelle.com\\\/index.php\\\/mentions-legales\\\/\"]}]},{\"@type\":\"BreadcrumbList\",\"@id\":\"https:\\\/\\\/sapernelle.com\\\/index.php\\\/mentions-legales\\\/#breadcrumb\",\"itemListElement\":[{\"@type\":\"ListItem\",\"position\":1,\"name\":\"Accueil\",\"item\":\"https:\\\/\\\/sapernelle.com\\\/\"},{\"@type\":\"ListItem\",\"position\":2,\"name\":\"Mentions l\u00e9gales\"}]},{\"@type\":\"WebSite\",\"@id\":\"https:\\\/\\\/sapernelle.com\\\/#website\",\"url\":\"https:\\\/\\\/sapernelle.com\\\/\",\"name\":\"Sapernelle\",\"description\":\"Savonnerie Artisanale Sapernelle en Provence\",\"potentialAction\":[{\"@type\":\"SearchAction\",\"target\":{\"@type\":\"EntryPoint\",\"urlTemplate\":\"https:\\\/\\\/sapernelle.com\\\/?s={search_term_string}\"},\"query-input\":{\"@type\":\"PropertyValueSpecification\",\"valueRequired\":true,\"valueName\":\"search_term_string\"}}],\"inLanguage\":\"fr-FR\"}]}<\/script>\n<!-- \/ Yoast SEO plugin. -->","yoast_head_json":{"title":"Mentions l\u00e9gales - Sapernelle","robots":{"index":"index","follow":"follow","max-snippet":"max-snippet:-1","max-image-preview":"max-image-preview:large","max-video-preview":"max-video-preview:-1"},"canonical":"https:\/\/sapernelle.com\/index.php\/mentions-legales\/","og_locale":"fr_FR","og_type":"article","og_title":"Mentions l\u00e9gales - Sapernelle","og_description":"Mentions l\u00e9gales &nbsp; Toutes reproduction m\u00eame partielle de ce site est strictement interdit. \u00c9diteur du site : SapernelleSavonnerie artisanale en Provence408 La Grande Villefranche, 84210 Pernes-les-FontainesT\u00e9l\u00e9phone : 0627239392Email : contact@sapernelle.comSIRET : 88420060100018Capital social : 5 000\u20ac Directeur de la publication :@ Sapernelle 2020 - Cr\u00e9ation : La Vache Noire Sud Cr\u00e9dit photographique : Cr\u00e9dits photos [&hellip;]","og_url":"https:\/\/sapernelle.com\/index.php\/mentions-legales\/","og_site_name":"Sapernelle","article_modified_time":"2026-01-12T13:07:18+00:00","twitter_card":"summary_large_image","schema":{"@context":"https:\/\/schema.org","@graph":[{"@type":"WebPage","@id":"https:\/\/sapernelle.com\/index.php\/mentions-legales\/","url":"https:\/\/sapernelle.com\/index.php\/mentions-legales\/","name":"Mentions l\u00e9gales - Sapernelle","isPartOf":{"@id":"https:\/\/sapernelle.com\/#website"},"datePublished":"2025-09-30T14:17:01+00:00","dateModified":"2026-01-12T13:07:18+00:00","breadcrumb":{"@id":"https:\/\/sapernelle.com\/index.php\/mentions-legales\/#breadcrumb"},"inLanguage":"fr-FR","potentialAction":[{"@type":"ReadAction","target":["https:\/\/sapernelle.com\/index.php\/mentions-legales\/"]}]},{"@type":"BreadcrumbList","@id":"https:\/\/sapernelle.com\/index.php\/mentions-legales\/#breadcrumb","itemListElement":[{"@type":"ListItem","position":1,"name":"Accueil","item":"https:\/\/sapernelle.com\/"},{"@type":"ListItem","position":2,"name":"Mentions l\u00e9gales"}]},{"@type":"WebSite","@id":"https:\/\/sapernelle.com\/#website","url":"https:\/\/sapernelle.com\/","name":"Sapernelle","description":"Savonnerie Artisanale Sapernelle en Provence","potentialAction":[{"@type":"SearchAction","target":{"@type":"EntryPoint","urlTemplate":"https:\/\/sapernelle.com\/?s={search_term_string}"},"query-input":{"@type":"PropertyValueSpecification","valueRequired":true,"valueName":"search_term_string"}}],"inLanguage":"fr-FR"}]}},"_links":{"self":[{"href":"https:\/\/sapernelle.com\/index.php\/wp-json\/wp\/v2\/pages\/2336","targetHints":{"allow":["GET"]}}],"collection":[{"href":"https:\/\/sapernelle.com\/index.php\/wp-json\/wp\/v2\/pages"}],"about":[{"href":"https:\/\/sapernelle.com\/index.php\/wp-json\/wp\/v2\/types\/page"}],"author":[{"embeddable":true,"href":"https:\/\/sapernelle.com\/index.php\/wp-json\/wp\/v2\/users\/1"}],"replies":[{"embeddable":true,"href":"https:\/\/sapernelle.com\/index.php\/wp-json\/wp\/v2\/comments?post=2336"}],"version-history":[{"count":5,"href":"https:\/\/sapernelle.com\/index.php\/wp-json\/wp\/v2\/pages\/2336\/revisions"}],"predecessor-version":[{"id":2817,"href":"https:\/\/sapernelle.com\/index.php\/wp-json\/wp\/v2\/pages\/2336\/revisions\/2817"}],"wp:attachment":[{"href":"https:\/\/sapernelle.com\/index.php\/wp-json\/wp\/v2\/media?parent=2336"}],"curies":[{"name":"wp","href":"https:\/\/api.w.org\/{rel}","templated":true}]}}