{"id":16,"date":"2020-09-28T14:43:45","date_gmt":"2020-09-28T12:43:45","guid":{"rendered":"http:\/\/saperny.cluster028.hosting.ovh.net\/?page_id=16"},"modified":"2025-09-24T15:35:22","modified_gmt":"2025-09-24T13:35:22","slug":"accueil-2","status":"publish","type":"page","link":"https:\/\/sapernelle.com\/index.php\/accueil-2\/","title":{"rendered":"Notre Savonnerie Artisanale"},"content":{"rendered":"<p>[et_pb_section fb_built=\u00a0\u00bb1&Prime; _builder_version=\u00a0\u00bb4.27.4&Prime; background_color=\u00a0\u00bbrgba(162,138,130,0.2)\u00a0\u00bb background_size=\u00a0\u00bbcontain\u00a0\u00bb custom_margin=\u00a0\u00bb0px|0px|0px|0px|false|false\u00a0\u00bb custom_padding=\u00a0\u00bb0px||0px||false|false\u00a0\u00bb hover_enabled=\u00a0\u00bb0&Prime; global_colors_info=\u00a0\u00bb{}\u00a0\u00bb sticky_enabled=\u00a0\u00bb0&Prime;][et_pb_row _builder_version=\u00a0\u00bb4.18.0&Prime; background_color=\u00a0\u00bbRGBA(255,255,255,0)\u00a0\u00bb background_enable_image=\u00a0\u00bboff\u00a0\u00bb width=\u00a0\u00bb100%\u00a0\u00bb max_width=\u00a0\u00bb2560px\u00a0\u00bb min_height=\u00a0\u00bb100px\u00a0\u00bb custom_margin=\u00a0\u00bb0px|auto|-14px|auto|false|false\u00a0\u00bb custom_padding=\u00a0\u00bb||0px|||\u00a0\u00bb global_colors_info=\u00a0\u00bb{}\u00a0\u00bb][et_pb_column type=\u00a0\u00bb4_4&Prime; _builder_version=\u00a0\u00bb4.18.0&Prime; background_enable_image=\u00a0\u00bboff\u00a0\u00bb global_colors_info=\u00a0\u00bb{}\u00a0\u00bb][et_pb_image src=\u00a0\u00bbhttps:\/\/sapernelle.com\/wp-content\/uploads\/2022\/09\/headerD.jpg\u00a0\u00bb title_text=\u00a0\u00bbheaderD\u00a0\u00bb align=\u00a0\u00bbcenter\u00a0\u00bb force_fullwidth=\u00a0\u00bbon\u00a0\u00bb _builder_version=\u00a0\u00bb4.27.4&Prime; _module_preset=\u00a0\u00bbdefault\u00a0\u00bb hover_enabled=\u00a0\u00bb0&Prime; global_colors_info=\u00a0\u00bb{}\u00a0\u00bb max_height=\u00a0\u00bb430px\u00a0\u00bb sticky_enabled=\u00a0\u00bb0&Prime; filter_saturate=\u00a0\u00bb85%\u00a0\u00bb filter_sepia=\u00a0\u00bb15%\u00a0\u00bb disabled_on=\u00a0\u00bbon|off|off\u00a0\u00bb background_enable_color=\u00a0\u00bboff\u00a0\u00bb][\/et_pb_image][et_pb_image src=\u00a0\u00bbhttps:\/\/sapernelle.com\/wp-content\/uploads\/2025\/09\/banniere-notre-savonnerie.webp\u00a0\u00bb _builder_version=\u00a0\u00bb4.27.4&Prime; _module_preset=\u00a0\u00bbdefault\u00a0\u00bb alt=\u00a0\u00bbbanni\u00e8re notre savonnerie\u00a0\u00bb title_text=\u00a0\u00bbbannie\u0300re notre savonnerie\u00a0\u00bb disabled_on=\u00a0\u00bboff|on|on\u00a0\u00bb align=\u00a0\u00bbcenter\u00a0\u00bb filter_saturate=\u00a0\u00bb85%\u00a0\u00bb filter_sepia=\u00a0\u00bb15%\u00a0\u00bb hover_enabled=\u00a0\u00bb0&Prime; sticky_enabled=\u00a0\u00bb0&Prime; background_enable_color=\u00a0\u00bboff\u00a0\u00bb][\/et_pb_image][\/et_pb_column][\/et_pb_row][et_pb_row _builder_version=\u00a0\u00bb4.27.4&Prime; _module_preset=\u00a0\u00bbdefault\u00a0\u00bb][et_pb_column _builder_version=\u00a0\u00bb4.27.4&Prime; _module_preset=\u00a0\u00bbdefault\u00a0\u00bb type=\u00a0\u00bb4_4&Prime;][et_pb_text _builder_version=\u00a0\u00bb4.27.4&Prime; _module_preset=\u00a0\u00bbdefault\u00a0\u00bb hover_enabled=\u00a0\u00bb0&Prime; sticky_enabled=\u00a0\u00bb0&Prime; custom_padding=\u00a0\u00bb29px|||||\u00a0\u00bb]<\/p>\n<h1 style=\"text-align: center;\"><span>Sapernelle, une savonnerie artisanale<\/span><\/h1>\n<p>[\/et_pb_text][et_pb_text _builder_version=\u00a0\u00bb4.27.4&Prime; _module_preset=\u00a0\u00bbdefault\u00a0\u00bb hover_enabled=\u00a0\u00bb0&Prime; sticky_enabled=\u00a0\u00bb0&Prime; disabled_on=\u00a0\u00bbon|off|off\u00a0\u00bb]<\/p>\n<p style=\"text-align: center;\">La savonnerie Sapernelle en Provence est implant\u00e9e au c\u0153ur d\u2019une exploitation agricole, \u00e0 <strong>Pernes les Fontaines<\/strong>. Sapernelle vous propose une gamme de savons, doux pour le corps et la plan\u00e8te, \u00e0 partir d\u2019<strong>huile d\u2019olive fran\u00e7aise<\/strong> et de produits du terroir. La savonnerie est inscrite dans une d\u00e9marche \u00ab\u00a0<strong>z\u00e9ro d\u00e9chet<\/strong> \u00bb, favorisant la transparence, les listes d\u2019ingr\u00e9dients courtes et les emballages minimalistes en papier recycl\u00e9.<\/p>\n<p style=\"text-align: center;\">L\u2019objectif de Sapernelle est de valoriser les <strong>circuits courts<\/strong> en s\u2019approvisionnant en direct producteur et en travaillant en partenariat avec des entreprises locales. Chaque savon <strong>est fait \u00e0 la main<\/strong> avec amour. Ils sont tous uniques\u00a0: coloris, imprim\u00e9s, graphisme\u2026 quelle joie d\u2019avoir toujours la surprise au moment de la d\u00e9coupe\u2026<\/p>\n<p style=\"text-align: center;\">D\u00e9couvrons ensemble le plaisir des choses simples et belles au naturel<\/p>\n<p>[\/et_pb_text][et_pb_text _builder_version=\u00a0\u00bb4.27.4&Prime; _module_preset=\u00a0\u00bbdefault\u00a0\u00bb disabled_on=\u00a0\u00bboff|on|on\u00a0\u00bb hover_enabled=\u00a0\u00bb0&Prime; sticky_enabled=\u00a0\u00bb0&Prime;]<\/p>\n<p style=\"text-align: center;\">La <strong>savonnerie Sapernelle<\/strong>, install\u00e9e au coeur d&rsquo;une exploitation agricole \u00e0 Pernes-les-Fontaines, propose des cosm\u00e9tiques et savons doux pour le corps et la plan\u00e8te, fabriqu\u00e9s \u00e0 partir d&rsquo;huile d&rsquo;olive fran\u00e7aise et d&rsquo;ingr\u00e9dients locaux.<\/p>\n<p style=\"text-align: center;\">Engag\u00e9e dans une d\u00e9marche z\u00e9ro d\u00e9chet, Sapernelle priviligie les circuits courts, la transparence, des listes d&rsquo;ingr\u00e9dients courtes et des emballages minimalistes en papier recycl\u00e9.<\/p>\n<p style=\"text-align: center;\">Chaque produit, fa\u00e7onn\u00e9 \u00e0 la main, est unique et porte la joie simple du naturel.<\/p>\n<p>[\/et_pb_text][\/et_pb_column][\/et_pb_row][et_pb_row _builder_version=\u00a0\u00bb4.27.4&Prime; _module_preset=\u00a0\u00bbdefault\u00a0\u00bb][et_pb_column _builder_version=\u00a0\u00bb4.27.4&Prime; _module_preset=\u00a0\u00bbdefault\u00a0\u00bb type=\u00a0\u00bb4_4&Prime;][et_pb_text _builder_version=\u00a0\u00bb4.27.4&Prime; _module_preset=\u00a0\u00bbdefault\u00a0\u00bb hover_enabled=\u00a0\u00bb0&Prime; sticky_enabled=\u00a0\u00bb0&Prime;]<\/p>\n<h1 style=\"text-align: center;\"><span>Nos engagements<\/span><\/h1>\n<p>[\/et_pb_text][\/et_pb_column][\/et_pb_row][et_pb_row _builder_version=\u00a0\u00bb4.27.4&Prime; _module_preset=\u00a0\u00bbdefault\u00a0\u00bb column_structure=\u00a0\u00bb1_4,1_4,1_4,1_4&Prime; hover_enabled=\u00a0\u00bb0&Prime; sticky_enabled=\u00a0\u00bb0&Prime; disabled_on=\u00a0\u00bbon|off|off\u00a0\u00bb custom_padding=\u00a0\u00bb0px||0px|||\u00a0\u00bb make_equal=\u00a0\u00bbon\u00a0\u00bb use_custom_gutter=\u00a0\u00bbon\u00a0\u00bb gutter_width=\u00a0\u00bb1&Prime;][et_pb_column _builder_version=\u00a0\u00bb4.27.4&Prime; _module_preset=\u00a0\u00bbdefault\u00a0\u00bb type=\u00a0\u00bb1_4&Prime;][et_pb_image src=\u00a0\u00bbhttps:\/\/sapernelle.com\/wp-content\/uploads\/2025\/09\/amour-de-la-provence.webp\u00a0\u00bb _builder_version=\u00a0\u00bb4.27.4&Prime; _module_preset=\u00a0\u00bbdefault\u00a0\u00bb alt=\u00a0\u00bbamour de la provence\u00a0\u00bb title_text=\u00a0\u00bbamour de la provence\u00a0\u00bb align=\u00a0\u00bbcenter\u00a0\u00bb transform_scale=\u00a0\u00bb58%|58%\u00a0\u00bb hover_enabled=\u00a0\u00bb0&Prime; sticky_enabled=\u00a0\u00bb0&Prime;][\/et_pb_image][\/et_pb_column][et_pb_column _builder_version=\u00a0\u00bb4.27.4&Prime; _module_preset=\u00a0\u00bbdefault\u00a0\u00bb type=\u00a0\u00bb1_4&Prime;][et_pb_image src=\u00a0\u00bbhttps:\/\/sapernelle.com\/wp-content\/uploads\/2025\/09\/satisfaction-client.webp\u00a0\u00bb _builder_version=\u00a0\u00bb4.27.4&Prime; _module_preset=\u00a0\u00bbdefault\u00a0\u00bb alt=\u00a0\u00bbsatisfaction client\u00a0\u00bb title_text=\u00a0\u00bbsatisfaction client\u00a0\u00bb align=\u00a0\u00bbcenter\u00a0\u00bb transform_scale=\u00a0\u00bb58%|58%\u00a0\u00bb hover_enabled=\u00a0\u00bb0&Prime; sticky_enabled=\u00a0\u00bb0&Prime;][\/et_pb_image][\/et_pb_column][et_pb_column _builder_version=\u00a0\u00bb4.27.4&Prime; _module_preset=\u00a0\u00bbdefault\u00a0\u00bb type=\u00a0\u00bb1_4&Prime;][et_pb_image src=\u00a0\u00bbhttps:\/\/sapernelle.com\/wp-content\/uploads\/2025\/09\/nature.webp\u00a0\u00bb _builder_version=\u00a0\u00bb4.27.4&Prime; _module_preset=\u00a0\u00bbdefault\u00a0\u00bb alt=\u00a0\u00bbnature\u00a0\u00bb title_text=\u00a0\u00bbnature\u00a0\u00bb align=\u00a0\u00bbcenter\u00a0\u00bb transform_scale=\u00a0\u00bb58%|58%\u00a0\u00bb hover_enabled=\u00a0\u00bb0&Prime; sticky_enabled=\u00a0\u00bb0&Prime; custom_padding=\u00a0\u00bb0px||0px|||\u00a0\u00bb][\/et_pb_image][\/et_pb_column][et_pb_column _builder_version=\u00a0\u00bb4.27.4&Prime; _module_preset=\u00a0\u00bbdefault\u00a0\u00bb type=\u00a0\u00bb1_4&Prime;][et_pb_image src=\u00a0\u00bbhttps:\/\/sapernelle.com\/wp-content\/uploads\/2025\/09\/engagement-qualite-2.webp\u00a0\u00bb _builder_version=\u00a0\u00bb4.27.4&Prime; _module_preset=\u00a0\u00bbdefault\u00a0\u00bb alt=\u00a0\u00bbengagement qualit\u00e9\u00a0\u00bb title_text=\u00a0\u00bbengagement qualite\u0301\u00a0\u00bb hover_enabled=\u00a0\u00bb0&Prime; sticky_enabled=\u00a0\u00bb0&Prime; transform_scale=\u00a0\u00bb58%|58%\u00a0\u00bb disabled_on=\u00a0\u00bbon|off|off\u00a0\u00bb][\/et_pb_image][\/et_pb_column][\/et_pb_row][et_pb_row _builder_version=\u00a0\u00bb4.27.4&Prime; _module_preset=\u00a0\u00bbdefault\u00a0\u00bb][et_pb_column _builder_version=\u00a0\u00bb4.27.4&Prime; _module_preset=\u00a0\u00bbdefault\u00a0\u00bb type=\u00a0\u00bb4_4&Prime;][et_pb_image src=\u00a0\u00bbhttps:\/\/sapernelle.com\/wp-content\/uploads\/2025\/09\/nos-engagements-3.webp\u00a0\u00bb _builder_version=\u00a0\u00bb4.27.4&Prime; _module_preset=\u00a0\u00bbdefault\u00a0\u00bb alt=\u00a0\u00bbnos engagements\u00a0\u00bb title_text=\u00a0\u00bbnos engagements 3&Prime; disabled_on=\u00a0\u00bboff|on|on\u00a0\u00bb hover_enabled=\u00a0\u00bb0&Prime; sticky_enabled=\u00a0\u00bb0&Prime; transform_scale=\u00a0\u00bb132%|132%\u00a0\u00bb][\/et_pb_image][\/et_pb_column][\/et_pb_row][et_pb_row _builder_version=\u00a0\u00bb4.27.4&Prime; _module_preset=\u00a0\u00bbdefault\u00a0\u00bb column_structure=\u00a0\u00bb1_2,1_2&Prime; hover_enabled=\u00a0\u00bb0&Prime; sticky_enabled=\u00a0\u00bb0&Prime;][et_pb_column _builder_version=\u00a0\u00bb4.27.4&Prime; _module_preset=\u00a0\u00bbdefault\u00a0\u00bb type=\u00a0\u00bb1_2&Prime;][et_pb_image src=\u00a0\u00bbhttps:\/\/sapernelle.com\/wp-content\/uploads\/2025\/09\/481076576_1269927274823608_6072861933346347595_n.webp\u00a0\u00bb _builder_version=\u00a0\u00bb4.27.4&Prime; _module_preset=\u00a0\u00bbdefault\u00a0\u00bb alt=\u00a0\u00bbb\u00e9atrice jobez\u00a0\u00bb title_text=\u00a0\u00bb481076576_1269927274823608_6072861933346347595_n\u00a0\u00bb align=\u00a0\u00bbcenter\u00a0\u00bb force_fullwidth=\u00a0\u00bbon\u00a0\u00bb disabled_on=\u00a0\u00bboff|off|off\u00a0\u00bb hover_enabled=\u00a0\u00bb0&Prime; sticky_enabled=\u00a0\u00bb0&Prime; border_style_all=\u00a0\u00bbdouble\u00a0\u00bb border_color_all=\u00a0\u00bb#5f4e56&Prime; border_width_all=\u00a0\u00bb9px\u00a0\u00bb][\/et_pb_image][\/et_pb_column][et_pb_column _builder_version=\u00a0\u00bb4.27.4&Prime; _module_preset=\u00a0\u00bbdefault\u00a0\u00bb type=\u00a0\u00bb1_2&Prime;][et_pb_icon _builder_version=\u00a0\u00bb4.27.4&Prime; _module_preset=\u00a0\u00bbdefault\u00a0\u00bb font_icon=\u00a0\u00bb&#x6c;||divi||400&Prime; hover_enabled=\u00a0\u00bb0&Prime; sticky_enabled=\u00a0\u00bb0&Prime; custom_padding=\u00a0\u00bb142px|||||\u00a0\u00bb disabled_on=\u00a0\u00bbon|off|off\u00a0\u00bb][\/et_pb_icon][et_pb_text _builder_version=\u00a0\u00bb4.27.4&Prime; _module_preset=\u00a0\u00bbdefault\u00a0\u00bb hover_enabled=\u00a0\u00bb0&Prime; sticky_enabled=\u00a0\u00bb0&Prime; custom_padding=\u00a0\u00bb4px|||||\u00a0\u00bb disabled_on=\u00a0\u00bbon|off|off\u00a0\u00bb]<\/p>\n<div class=\"xdj266r x14z9mp xat24cr x1lziwak x1vvkbs x126k92a\">\n<div dir=\"auto\" style=\"text-align: center;\">\u00ab\u00a0Je suis maman de trois jeunes filles et je vis et travaille au c\u0153ur d&rsquo;une exploitation agricole.<\/div>\n<div dir=\"auto\" style=\"text-align: center;\"><\/div>\n<div dir=\"auto\" style=\"text-align: center;\"><\/div>\n<div dir=\"auto\" style=\"text-align: center;\"><\/div>\n<\/div>\n<div class=\"x14z9mp xat24cr x1lziwak x1vvkbs xtlvy1s x126k92a\" style=\"text-align: center;\">\n<div dir=\"auto\">Ing\u00e9nieure de formation, j&rsquo;ai 13 ans d&rsquo;exp\u00e9rience en industrie pharmaceutique en tant que responsable qualit\u00e9.<\/div>\n<div dir=\"auto\"><\/div>\n<\/div>\n<div class=\"x14z9mp xat24cr x1lziwak x1vvkbs xtlvy1s x126k92a\" style=\"text-align: center;\">\n<div dir=\"auto\">En 2019, apr\u00e8s un r\u00e9el d\u00e9clic environnemental et social, j&rsquo;ai d\u00e9couvert les premi\u00e8res boutiques z\u00e9ro d\u00e9chet : tout \u00e9tait brut, beau, sans plastique et malin.<\/div>\n<div dir=\"auto\">C&rsquo;est \u00e0 ce moment l\u00e0 que ma conversion professionnelle s&rsquo;est d\u00e9cid\u00e9e afin d&rsquo;apporter ma contribution \u00e0 un mode de vie plus minimaliste.<\/div>\n<div dir=\"auto\"><\/div>\n<\/div>\n<div class=\"x14z9mp xat24cr x1lziwak x1vvkbs xtlvy1s x126k92a\">\n<div dir=\"auto\" style=\"text-align: center;\">Form\u00e9e \u00e0 l&rsquo;UESS de Forcalquier, en tant que \u00ab\u00a0savonnier\u00a0\u00bb c&rsquo;est en 2020 que Sapernelle est n\u00e9e : <strong>savonnerie sp\u00e9cialis\u00e9e dans les cosm\u00e9tiques \u00e0 base d&rsquo;huile d&rsquo;olive fran\u00e7aise et d&rsquo;ingr\u00e9dients locaux\u00a0\u00bb<\/strong><\/div>\n<\/div>\n<p>[\/et_pb_text][et_pb_icon _builder_version=\u00a0\u00bb4.27.4&Prime; _module_preset=\u00a0\u00bbdefault\u00a0\u00bb font_icon=\u00a0\u00bb&#x6c;||divi||400&Prime; hover_enabled=\u00a0\u00bb0&Prime; sticky_enabled=\u00a0\u00bb0&Prime; transform_scale=\u00a0\u00bb56%|56%\u00a0\u00bb disabled_on=\u00a0\u00bboff|on|on\u00a0\u00bb][\/et_pb_icon][et_pb_text _builder_version=\u00a0\u00bb4.27.4&Prime; _module_preset=\u00a0\u00bbdefault\u00a0\u00bb disabled_on=\u00a0\u00bboff|on|on\u00a0\u00bb hover_enabled=\u00a0\u00bb0&Prime; sticky_enabled=\u00a0\u00bb0&Prime;]<\/p>\n<p style=\"text-align: center;\">\u00ab\u00a0Je suis maman de trois jeunes filles et je vis au coeur d&rsquo;une exploitation agricole. Ing\u00e9nieure de formation, j&rsquo;ai travaill\u00e9 13 ans dans l&rsquo;industrie pharmaceutique comme responsable qualit\u00e9.<\/p>\n<p style=\"text-align: center;\">En 2019, apr\u00e8s un d\u00e9clic environnemental et social, j&rsquo;ai d\u00e9couvert les boutiques z\u00e9ro d\u00e9chet. Leur simplicit\u00e9 et leur ing\u00e9niosit\u00e9 m&rsquo;ont inspir\u00e9e \u00e0 me reconvertir vers un mode de vie plus minimaliste.<\/p>\n<p style=\"text-align: center;\">Form\u00e9e \u00e0 l&rsquo;UESS de Forcalquier, j&rsquo;ai cr\u00e9e en 2020 <strong>Sapernelle<\/strong>, une savonnerie sp\u00e9cialis\u00e9e dans les cosm\u00e9tiques \u00e0 base d&rsquo;huile d&rsquo;olive fran\u00e7aise et d&rsquo;ingr\u00e9dients locaux.\u00a0\u00bb<\/p>\n<p>[\/et_pb_text][\/et_pb_column][\/et_pb_row][\/et_pb_section][et_pb_section fb_built=\u00a0\u00bb1&Prime; _builder_version=\u00a0\u00bb4.27.4&Prime; background_size=\u00a0\u00bbcontain\u00a0\u00bb custom_margin=\u00a0\u00bb0px|0px|0px|0px|false|false\u00a0\u00bb custom_padding=\u00a0\u00bb0px|0px|0px|0px|false|false\u00a0\u00bb hover_enabled=\u00a0\u00bb0&Prime; global_colors_info=\u00a0\u00bb{}\u00a0\u00bb background_enable_color=\u00a0\u00bboff\u00a0\u00bb sticky_enabled=\u00a0\u00bb0&Prime;][et_pb_row _builder_version=\u00a0\u00bb4.27.4&Prime; _module_preset=\u00a0\u00bbdefault\u00a0\u00bb][et_pb_column _builder_version=\u00a0\u00bb4.27.4&Prime; _module_preset=\u00a0\u00bbdefault\u00a0\u00bb type=\u00a0\u00bb4_4&Prime;][et_pb_slider _builder_version=\u00a0\u00bb4.27.4&Prime; _module_preset=\u00a0\u00bbdefault\u00a0\u00bb hover_enabled=\u00a0\u00bb0&Prime; sticky_enabled=\u00a0\u00bb0&Prime; disabled_on=\u00a0\u00bbon|off|off\u00a0\u00bb button_alignment=\u00a0\u00bbcenter\u00a0\u00bb header_text_align=\u00a0\u00bbcenter\u00a0\u00bb header_level=\u00a0\u00bbh4&Prime; body_font_size=\u00a0\u00bb19px\u00a0\u00bb header_font_size=\u00a0\u00bb38px\u00a0\u00bb][et_pb_slide heading=\u00a0\u00bbL&rsquo;artisanat : une \u00e9vidence\u00a0\u00bb button_text=\u00a0\u00bbNotre savoir faire\u00a0\u00bb _builder_version=\u00a0\u00bb4.27.4&Prime; _module_preset=\u00a0\u00bbdefault\u00a0\u00bb alt=\u00a0\u00bbhuile d&rsquo;olive\u00a0\u00bb title_text=\u00a0\u00bbhuile d&rsquo;olive\u00a0\u00bb image=\u00a0\u00bbhttps:\/\/sapernelle.com\/wp-content\/uploads\/2025\/09\/huile-dolive.webp\u00a0\u00bb max_width=\u00a0\u00bb100%\u00a0\u00bb width=\u00a0\u00bb100%\u00a0\u00bb transform_scale=\u00a0\u00bb72%|72%\u00a0\u00bb button_link=\u00a0\u00bbhttps:\/\/sapernelle.com\/index.php\/311-2\/\u00a0\u00bb hover_enabled=\u00a0\u00bb0&Prime; sticky_enabled=\u00a0\u00bb0&Prime; filter_saturate=\u00a0\u00bb88%\u00a0\u00bb header_level=\u00a0\u00bbh1&Prime; background_color=\u00a0\u00bbrgba(162,138,130,0.2)\u00a0\u00bb background_enable_color=\u00a0\u00bbon\u00a0\u00bb background_layout=\u00a0\u00bblight\u00a0\u00bb custom_button=\u00a0\u00bbon\u00a0\u00bb button_text_color=\u00a0\u00bb#5f4e56&Prime;]<\/p>\n<p>Chez Sapernelle, nous r\u00e9unissons plusieurs savoir-faire pour vous offrir bien plus qu\u2019un simple produit. Notre objectif : vous proposer une exp\u00e9rience personnalis\u00e9e, qui allie qualit\u00e9, expertise et adaptation \u00e0 vos besoins.<\/p>\n<p>[\/et_pb_slide][et_pb_slide heading=\u00a0\u00bbL&rsquo;univers de nos produits\u00a0\u00bb button_text=\u00a0\u00bbTous nos produits\u00a0\u00bb _builder_version=\u00a0\u00bb4.27.4&Prime; _module_preset=\u00a0\u00bbdefault\u00a0\u00bb title_text=\u00a0\u00bbsavons gamme nu sapernelle\u00a0\u00bb image=\u00a0\u00bbhttps:\/\/sapernelle.com\/wp-content\/uploads\/2025\/09\/savons-gamme-nu-sapernelle.webp\u00a0\u00bb filter_saturate=\u00a0\u00bb85%\u00a0\u00bb filter_sepia=\u00a0\u00bb13%\u00a0\u00bb hover_enabled=\u00a0\u00bb0&Prime; sticky_enabled=\u00a0\u00bb0&Prime; transform_scale=\u00a0\u00bb72%|72%\u00a0\u00bb alt=\u00a0\u00bbsavon gamme nu sapernelle\u00a0\u00bb button_link=\u00a0\u00bbhttps:\/\/sapernelle.com\u00a0\u00bb body_font_size=\u00a0\u00bb19px\u00a0\u00bb header_font_size=\u00a0\u00bb38px\u00a0\u00bb background_color=\u00a0\u00bbrgba(162,138,130,0.2)\u00a0\u00bb background_enable_color=\u00a0\u00bbon\u00a0\u00bb background_layout=\u00a0\u00bblight\u00a0\u00bb custom_button=\u00a0\u00bbon\u00a0\u00bb button_text_color=\u00a0\u00bb#5f4e56&Prime;]<\/p>\n<p>Chez Sapernelle, chaque cr\u00e9ation est unique. Une barre, un savon, une recette\u2026 tous fa\u00e7onn\u00e9s \u00e0 la main avec amour et authenticit\u00e9.<\/p>\n<p>[\/et_pb_slide][\/et_pb_slider][et_pb_slider _builder_version=\u00a0\u00bb4.27.4&Prime; _module_preset=\u00a0\u00bbdefault\u00a0\u00bb hover_enabled=\u00a0\u00bb0&Prime; sticky_enabled=\u00a0\u00bb0&Prime; disabled_on=\u00a0\u00bboff|on|on\u00a0\u00bb transform_scale=\u00a0\u00bb126%|126%\u00a0\u00bb][et_pb_slide heading=\u00a0\u00bbL&rsquo;artisanat : une \u00e9vidence\u00a0\u00bb button_text=\u00a0\u00bbNotre savoir faire\u00a0\u00bb _builder_version=\u00a0\u00bb4.27.4&Prime; _module_preset=\u00a0\u00bbdefault\u00a0\u00bb alt=\u00a0\u00bbhuile d&rsquo;olive\u00a0\u00bb title_text=\u00a0\u00bbhuile d&rsquo;olive\u00a0\u00bb max_width=\u00a0\u00bb100%\u00a0\u00bb width=\u00a0\u00bb100%\u00a0\u00bb transform_scale=\u00a0\u00bb72%|72%\u00a0\u00bb button_link=\u00a0\u00bbhttps:\/\/sapernelle.com\/index.php\/311-2\/\u00a0\u00bb hover_enabled=\u00a0\u00bb0&Prime; sticky_enabled=\u00a0\u00bb0&Prime; filter_saturate=\u00a0\u00bb88%\u00a0\u00bb button_alignment=\u00a0\u00bbcenter\u00a0\u00bb header_font_size=\u00a0\u00bb29px\u00a0\u00bb background_color=\u00a0\u00bbrgba(162,138,130,0.2)\u00a0\u00bb background_enable_color=\u00a0\u00bbon\u00a0\u00bb background_layout=\u00a0\u00bblight\u00a0\u00bb custom_button=\u00a0\u00bbon\u00a0\u00bb button_text_color=\u00a0\u00bb#5f4e56&Prime;]<\/p>\n<p><img loading=\"lazy\" decoding=\"async\" src=\"https:\/\/sapernelle.com\/wp-content\/uploads\/2025\/09\/huile-dolive.webp\" width=\"800\" height=\"800\" alt=\"huile d'olive\" class=\"wp-image-2243 aligncenter size-full\" srcset=\"https:\/\/sapernelle.com\/wp-content\/uploads\/2025\/09\/huile-dolive.webp 800w, https:\/\/sapernelle.com\/wp-content\/uploads\/2025\/09\/huile-dolive-480x480.webp 480w\" sizes=\"(min-width: 0px) and (max-width: 480px) 480px, (min-width: 481px) 800px, 100vw\" \/><\/p>\n<p>Chez Sapernelle, notre objectif est de vous proposer une exp\u00e9rience personnalis\u00e9e, qui allie qualit\u00e9, expertise et adaptation \u00e0 vos besoins.<\/p>\n<p>[\/et_pb_slide][et_pb_slide heading=\u00a0\u00bbL&rsquo;univers de nos produits\u00a0\u00bb button_text=\u00a0\u00bbTous nos produits\u00a0\u00bb _builder_version=\u00a0\u00bb4.27.4&Prime; _module_preset=\u00a0\u00bbdefault\u00a0\u00bb title_text=\u00a0\u00bbsavons gamme nu sapernelle\u00a0\u00bb filter_saturate=\u00a0\u00bb85%\u00a0\u00bb filter_sepia=\u00a0\u00bb13%\u00a0\u00bb hover_enabled=\u00a0\u00bb0&Prime; sticky_enabled=\u00a0\u00bb0&Prime; transform_scale=\u00a0\u00bb72%|72%\u00a0\u00bb alt=\u00a0\u00bbsavon gamme nu sapernelle\u00a0\u00bb button_link=\u00a0\u00bbhttps:\/\/sapernelle.com\u00a0\u00bb header_font_size=\u00a0\u00bb29px\u00a0\u00bb background_color=\u00a0\u00bbrgba(162,138,130,0.2)\u00a0\u00bb background_enable_color=\u00a0\u00bbon\u00a0\u00bb background_layout=\u00a0\u00bblight\u00a0\u00bb custom_button=\u00a0\u00bbon\u00a0\u00bb button_text_color=\u00a0\u00bb#5f4e56&Prime;]<\/p>\n<p><img loading=\"lazy\" decoding=\"async\" src=\"https:\/\/sapernelle.com\/wp-content\/uploads\/2025\/09\/savons-gamme-nu-sapernelle.webp\" width=\"924\" height=\"924\" alt=\"savon gamme nu sapernelle\" class=\"wp-image-2244 aligncenter size-full\" srcset=\"https:\/\/sapernelle.com\/wp-content\/uploads\/2025\/09\/savons-gamme-nu-sapernelle.webp 924w, https:\/\/sapernelle.com\/wp-content\/uploads\/2025\/09\/savons-gamme-nu-sapernelle-480x480.webp 480w\" sizes=\"(min-width: 0px) and (max-width: 480px) 480px, (min-width: 481px) 924px, 100vw\" \/><\/p>\n<p>Chez Sapernelle, chaque cr\u00e9ation est unique. Une barre, un savon, une recette\u2026 tous fa\u00e7onn\u00e9s \u00e0 la main avec amour et authenticit\u00e9.<\/p>\n<p>[\/et_pb_slide][\/et_pb_slider][\/et_pb_column][\/et_pb_row][\/et_pb_section][et_pb_section fb_built=\u00a0\u00bb1&Prime; _builder_version=\u00a0\u00bb4.16&Prime; custom_margin=\u00a0\u00bb-10px||||false|false\u00a0\u00bb custom_padding=\u00a0\u00bb20px||20px||false|false\u00a0\u00bb global_colors_info=\u00a0\u00bb{}\u00a0\u00bb][et_pb_row column_structure=\u00a0\u00bb1_5,1_5,1_5,1_5,1_5&Prime; _builder_version=\u00a0\u00bb4.4.7&Prime; width=\u00a0\u00bb100%\u00a0\u00bb global_module=\u00a0\u00bb915&Prime; saved_tabs=\u00a0\u00bball\u00a0\u00bb global_colors_info=\u00a0\u00bb{}\u00a0\u00bb][et_pb_column type=\u00a0\u00bb1_5&Prime; _builder_version=\u00a0\u00bb4.16&Prime; global_colors_info=\u00a0\u00bb{}\u00a0\u00bb][\/et_pb_column][et_pb_column type=\u00a0\u00bb1_5&Prime; _builder_version=\u00a0\u00bb4.16&Prime; global_colors_info=\u00a0\u00bb{}\u00a0\u00bb][et_pb_image src=\u00a0\u00bbhttps:\/\/sapernelle.com\/wp-content\/uploads\/2020\/11\/separateur.jpg\u00a0\u00bb title_text=\u00a0\u00bbseparateur\u00a0\u00bb align=\u00a0\u00bbcenter\u00a0\u00bb _builder_version=\u00a0\u00bb4.16&Prime; global_colors_info=\u00a0\u00bb{}\u00a0\u00bb][\/et_pb_image][\/et_pb_column][et_pb_column type=\u00a0\u00bb1_5&Prime; _builder_version=\u00a0\u00bb4.16&Prime; global_colors_info=\u00a0\u00bb{}\u00a0\u00bb][et_pb_image src=\u00a0\u00bbhttps:\/\/sapernelle.com\/wp-content\/uploads\/2020\/11\/icone-facebook.png\u00a0\u00bb title_text=\u00a0\u00bbicone facebook\u00a0\u00bb url=\u00a0\u00bbhttps:\/\/www.facebook.com\/Sapernelle-107713471114950&Prime; url_new_window=\u00a0\u00bbon\u00a0\u00bb align=\u00a0\u00bbcenter\u00a0\u00bb _builder_version=\u00a0\u00bb4.16&Prime; width=\u00a0\u00bb20%\u00a0\u00bb custom_padding=\u00a0\u00bb|0px||||\u00a0\u00bb global_colors_info=\u00a0\u00bb{}\u00a0\u00bb][\/et_pb_image][\/et_pb_column][et_pb_column type=\u00a0\u00bb1_5&Prime; _builder_version=\u00a0\u00bb4.16&Prime; global_colors_info=\u00a0\u00bb{}\u00a0\u00bb][et_pb_image src=\u00a0\u00bbhttps:\/\/sapernelle.com\/wp-content\/uploads\/2020\/11\/icone-instagram.png\u00a0\u00bb title_text=\u00a0\u00bbicone instagram\u00a0\u00bb url=\u00a0\u00bbhttps:\/\/www.instagram.com\/sapernelle\/\u00a0\u00bb url_new_window=\u00a0\u00bbon\u00a0\u00bb align=\u00a0\u00bbcenter\u00a0\u00bb _builder_version=\u00a0\u00bb4.27.4&Prime; max_width=\u00a0\u00bb20%\u00a0\u00bb hover_enabled=\u00a0\u00bb0&Prime; global_colors_info=\u00a0\u00bb{}\u00a0\u00bb sticky_enabled=\u00a0\u00bb0&Prime;][\/et_pb_image][\/et_pb_column][et_pb_column type=\u00a0\u00bb1_5&Prime; _builder_version=\u00a0\u00bb4.16&Prime; global_colors_info=\u00a0\u00bb{}\u00a0\u00bb][\/et_pb_column][\/et_pb_row][\/et_pb_section]<\/p>\n","protected":false},"excerpt":{"rendered":"<p>Sapernelle, une savonnerie artisanaleLa savonnerie Sapernelle en Provence est implant\u00e9e au c\u0153ur d\u2019une exploitation agricole, \u00e0 Pernes les Fontaines. Sapernelle vous propose une gamme de savons, doux pour le corps et la plan\u00e8te, \u00e0 partir d\u2019huile d\u2019olive fran\u00e7aise et de produits du terroir. La savonnerie est inscrite dans une d\u00e9marche \u00ab\u00a0z\u00e9ro d\u00e9chet \u00bb, favorisant la [&hellip;]<\/p>\n","protected":false},"author":1,"featured_media":0,"parent":0,"menu_order":0,"comment_status":"closed","ping_status":"closed","template":"","meta":{"_et_pb_use_builder":"on","_et_pb_old_content":"<!-- wp:paragraph -->\n<p>L\u2019histoire de Sapernelle, c\u2019est la rencontre entre \u00ab moi \u00bb, maman d\u2019une tribu de filles, cadre en industrie Pharmaceutique pendant 13 ans, adepte du naturel et du fait maison, vivant sur une exploitation agricole \u00e0 Pernes\u2026 et le savon\u2026 sous toutes ses formes !<\/p>\n<!-- \/wp:paragraph -->\n\n<!-- wp:paragraph -->\n<p>Une super envie de \u00ab fabriquer \u00bb s\u2019est empar\u00e9e de moi, apr\u00e8s des compotes, des conserves, du pain, des yaourts, des cosm\u00e9tiques\u2026 Il est apparu \u00e9vident qu\u2019il me fallait une \u00ab micro usine \u00bb sur l\u2019exploitation agricole de mon mari, pour produire pour nous bien s\u00fbr\u2026 mais aussi pour les autres.<\/p>\n<!-- \/wp:paragraph -->\n\n<!-- wp:paragraph -->\n<p>La rencontre avec le savon s\u2019est fait en m\u00eame temps que la d\u00e9couverte des \u00e9piceries vrac. J\u2019ai tout trouv\u00e9 beau, astucieux, local et bon pour le corps et la plan\u00e8te. J\u2019ai aim\u00e9 cette version \u00e9pur\u00e9e, efficace, belle au naturel des produits. En quelques mois nous avions divis\u00e9 par 4 nos d\u00e9chets du foyer et en parall\u00e8le je m\u2019\u00e9tais lanc\u00e9e dans cette fabuleuse aventure de la saponification.<\/p>\n<!-- \/wp:paragraph -->\n\n<!-- wp:paragraph -->\n<p>Le d\u00e9fi de Sapernelle : sourcer ses mati\u00e8res premi\u00e8res en France et au plus pr\u00e8s de la savonnerie. Nous avons la chance de vivre au coeur de la Provence, pourquoi aller chercher des produits ailleurs ?<br>Red\u00e9couvrons ensemble le plaisir des choses simples et efficaces et prenons soin de notre sant\u00e9 et la plan\u00e8te.<\/p>\n<!-- \/wp:paragraph -->","_et_gb_content_width":"","_eb_attr":"","footnotes":""},"class_list":["post-16","page","type-page","status-publish","hentry"],"yoast_head":"<!-- This site is optimized with the Yoast SEO plugin v27.4 - https:\/\/yoast.com\/product\/yoast-seo-wordpress\/ -->\n<title>Notre Savonnerie Artisanale - Sapernelle<\/title>\n<meta name=\"robots\" content=\"index, follow, max-snippet:-1, max-image-preview:large, max-video-preview:-1\" \/>\n<link rel=\"canonical\" href=\"https:\/\/sapernelle.com\/index.php\/accueil-2\/\" \/>\n<meta property=\"og:locale\" content=\"fr_FR\" \/>\n<meta property=\"og:type\" content=\"article\" \/>\n<meta property=\"og:title\" content=\"Notre Savonnerie Artisanale - Sapernelle\" \/>\n<meta property=\"og:description\" content=\"Sapernelle, une savonnerie artisanaleLa savonnerie Sapernelle en Provence est implant\u00e9e au c\u0153ur d\u2019une exploitation agricole, \u00e0 Pernes les Fontaines. Sapernelle vous propose une gamme de savons, doux pour le corps et la plan\u00e8te, \u00e0 partir d\u2019huile d\u2019olive fran\u00e7aise et de produits du terroir. La savonnerie est inscrite dans une d\u00e9marche \u00ab\u00a0z\u00e9ro d\u00e9chet \u00bb, favorisant la [&hellip;]\" \/>\n<meta property=\"og:url\" content=\"https:\/\/sapernelle.com\/index.php\/accueil-2\/\" \/>\n<meta property=\"og:site_name\" content=\"Sapernelle\" \/>\n<meta property=\"article:modified_time\" content=\"2025-09-24T13:35:22+00:00\" \/>\n<meta property=\"og:image\" content=\"https:\/\/sapernelle.com\/wp-content\/uploads\/2025\/09\/huile-dolive.webp\" \/>\n\t<meta property=\"og:image:width\" content=\"800\" \/>\n\t<meta property=\"og:image:height\" content=\"800\" \/>\n\t<meta property=\"og:image:type\" content=\"image\/webp\" \/>\n<meta name=\"twitter:card\" content=\"summary_large_image\" \/>\n<meta name=\"twitter:label1\" content=\"Dur\u00e9e de lecture estim\u00e9e\" \/>\n\t<meta name=\"twitter:data1\" content=\"10 minutes\" \/>\n<script type=\"application\/ld+json\" class=\"yoast-schema-graph\">{\"@context\":\"https:\\\/\\\/schema.org\",\"@graph\":[{\"@type\":\"WebPage\",\"@id\":\"https:\\\/\\\/sapernelle.com\\\/index.php\\\/accueil-2\\\/\",\"url\":\"https:\\\/\\\/sapernelle.com\\\/index.php\\\/accueil-2\\\/\",\"name\":\"Notre Savonnerie Artisanale - Sapernelle\",\"isPartOf\":{\"@id\":\"https:\\\/\\\/sapernelle.com\\\/#website\"},\"primaryImageOfPage\":{\"@id\":\"https:\\\/\\\/sapernelle.com\\\/index.php\\\/accueil-2\\\/#primaryimage\"},\"image\":{\"@id\":\"https:\\\/\\\/sapernelle.com\\\/index.php\\\/accueil-2\\\/#primaryimage\"},\"thumbnailUrl\":\"https:\\\/\\\/sapernelle.com\\\/wp-content\\\/uploads\\\/2025\\\/09\\\/huile-dolive.webp\",\"datePublished\":\"2020-09-28T12:43:45+00:00\",\"dateModified\":\"2025-09-24T13:35:22+00:00\",\"breadcrumb\":{\"@id\":\"https:\\\/\\\/sapernelle.com\\\/index.php\\\/accueil-2\\\/#breadcrumb\"},\"inLanguage\":\"fr-FR\",\"potentialAction\":[{\"@type\":\"ReadAction\",\"target\":[\"https:\\\/\\\/sapernelle.com\\\/index.php\\\/accueil-2\\\/\"]}]},{\"@type\":\"ImageObject\",\"inLanguage\":\"fr-FR\",\"@id\":\"https:\\\/\\\/sapernelle.com\\\/index.php\\\/accueil-2\\\/#primaryimage\",\"url\":\"https:\\\/\\\/sapernelle.com\\\/wp-content\\\/uploads\\\/2025\\\/09\\\/huile-dolive.webp\",\"contentUrl\":\"https:\\\/\\\/sapernelle.com\\\/wp-content\\\/uploads\\\/2025\\\/09\\\/huile-dolive.webp\",\"width\":800,\"height\":800,\"caption\":\"huile d'olive\"},{\"@type\":\"BreadcrumbList\",\"@id\":\"https:\\\/\\\/sapernelle.com\\\/index.php\\\/accueil-2\\\/#breadcrumb\",\"itemListElement\":[{\"@type\":\"ListItem\",\"position\":1,\"name\":\"Accueil\",\"item\":\"https:\\\/\\\/sapernelle.com\\\/\"},{\"@type\":\"ListItem\",\"position\":2,\"name\":\"Notre Savonnerie Artisanale\"}]},{\"@type\":\"WebSite\",\"@id\":\"https:\\\/\\\/sapernelle.com\\\/#website\",\"url\":\"https:\\\/\\\/sapernelle.com\\\/\",\"name\":\"Sapernelle\",\"description\":\"Savonnerie Artisanale Sapernelle en Provence\",\"potentialAction\":[{\"@type\":\"SearchAction\",\"target\":{\"@type\":\"EntryPoint\",\"urlTemplate\":\"https:\\\/\\\/sapernelle.com\\\/?s={search_term_string}\"},\"query-input\":{\"@type\":\"PropertyValueSpecification\",\"valueRequired\":true,\"valueName\":\"search_term_string\"}}],\"inLanguage\":\"fr-FR\"}]}<\/script>\n<!-- \/ Yoast SEO plugin. -->","yoast_head_json":{"title":"Notre Savonnerie Artisanale - Sapernelle","robots":{"index":"index","follow":"follow","max-snippet":"max-snippet:-1","max-image-preview":"max-image-preview:large","max-video-preview":"max-video-preview:-1"},"canonical":"https:\/\/sapernelle.com\/index.php\/accueil-2\/","og_locale":"fr_FR","og_type":"article","og_title":"Notre Savonnerie Artisanale - Sapernelle","og_description":"Sapernelle, une savonnerie artisanaleLa savonnerie Sapernelle en Provence est implant\u00e9e au c\u0153ur d\u2019une exploitation agricole, \u00e0 Pernes les Fontaines. Sapernelle vous propose une gamme de savons, doux pour le corps et la plan\u00e8te, \u00e0 partir d\u2019huile d\u2019olive fran\u00e7aise et de produits du terroir. La savonnerie est inscrite dans une d\u00e9marche \u00ab\u00a0z\u00e9ro d\u00e9chet \u00bb, favorisant la [&hellip;]","og_url":"https:\/\/sapernelle.com\/index.php\/accueil-2\/","og_site_name":"Sapernelle","article_modified_time":"2025-09-24T13:35:22+00:00","og_image":[{"width":800,"height":800,"url":"https:\/\/sapernelle.com\/wp-content\/uploads\/2025\/09\/huile-dolive.webp","type":"image\/webp"}],"twitter_card":"summary_large_image","twitter_misc":{"Dur\u00e9e de lecture estim\u00e9e":"10 minutes"},"schema":{"@context":"https:\/\/schema.org","@graph":[{"@type":"WebPage","@id":"https:\/\/sapernelle.com\/index.php\/accueil-2\/","url":"https:\/\/sapernelle.com\/index.php\/accueil-2\/","name":"Notre Savonnerie Artisanale - Sapernelle","isPartOf":{"@id":"https:\/\/sapernelle.com\/#website"},"primaryImageOfPage":{"@id":"https:\/\/sapernelle.com\/index.php\/accueil-2\/#primaryimage"},"image":{"@id":"https:\/\/sapernelle.com\/index.php\/accueil-2\/#primaryimage"},"thumbnailUrl":"https:\/\/sapernelle.com\/wp-content\/uploads\/2025\/09\/huile-dolive.webp","datePublished":"2020-09-28T12:43:45+00:00","dateModified":"2025-09-24T13:35:22+00:00","breadcrumb":{"@id":"https:\/\/sapernelle.com\/index.php\/accueil-2\/#breadcrumb"},"inLanguage":"fr-FR","potentialAction":[{"@type":"ReadAction","target":["https:\/\/sapernelle.com\/index.php\/accueil-2\/"]}]},{"@type":"ImageObject","inLanguage":"fr-FR","@id":"https:\/\/sapernelle.com\/index.php\/accueil-2\/#primaryimage","url":"https:\/\/sapernelle.com\/wp-content\/uploads\/2025\/09\/huile-dolive.webp","contentUrl":"https:\/\/sapernelle.com\/wp-content\/uploads\/2025\/09\/huile-dolive.webp","width":800,"height":800,"caption":"huile d'olive"},{"@type":"BreadcrumbList","@id":"https:\/\/sapernelle.com\/index.php\/accueil-2\/#breadcrumb","itemListElement":[{"@type":"ListItem","position":1,"name":"Accueil","item":"https:\/\/sapernelle.com\/"},{"@type":"ListItem","position":2,"name":"Notre Savonnerie Artisanale"}]},{"@type":"WebSite","@id":"https:\/\/sapernelle.com\/#website","url":"https:\/\/sapernelle.com\/","name":"Sapernelle","description":"Savonnerie Artisanale Sapernelle en Provence","potentialAction":[{"@type":"SearchAction","target":{"@type":"EntryPoint","urlTemplate":"https:\/\/sapernelle.com\/?s={search_term_string}"},"query-input":{"@type":"PropertyValueSpecification","valueRequired":true,"valueName":"search_term_string"}}],"inLanguage":"fr-FR"}]}},"_links":{"self":[{"href":"https:\/\/sapernelle.com\/index.php\/wp-json\/wp\/v2\/pages\/16","targetHints":{"allow":["GET"]}}],"collection":[{"href":"https:\/\/sapernelle.com\/index.php\/wp-json\/wp\/v2\/pages"}],"about":[{"href":"https:\/\/sapernelle.com\/index.php\/wp-json\/wp\/v2\/types\/page"}],"author":[{"embeddable":true,"href":"https:\/\/sapernelle.com\/index.php\/wp-json\/wp\/v2\/users\/1"}],"replies":[{"embeddable":true,"href":"https:\/\/sapernelle.com\/index.php\/wp-json\/wp\/v2\/comments?post=16"}],"version-history":[{"count":156,"href":"https:\/\/sapernelle.com\/index.php\/wp-json\/wp\/v2\/pages\/16\/revisions"}],"predecessor-version":[{"id":2302,"href":"https:\/\/sapernelle.com\/index.php\/wp-json\/wp\/v2\/pages\/16\/revisions\/2302"}],"wp:attachment":[{"href":"https:\/\/sapernelle.com\/index.php\/wp-json\/wp\/v2\/media?parent=16"}],"curies":[{"name":"wp","href":"https:\/\/api.w.org\/{rel}","templated":true}]}}